{"id":7077,"date":"2022-11-18T13:45:36","date_gmt":"2022-11-18T12:45:36","guid":{"rendered":"https:\/\/fcaresystems.com\/information-patient\/skin-disorders\/"},"modified":"2023-12-20T10:27:51","modified_gmt":"2023-12-20T09:27:51","slug":"troubles-de-la-peau","status":"publish","type":"page","link":"https:\/\/fcaresystems.com\/fr\/information-patient\/troubles-de-la-peau\/","title":{"rendered":"Troubles de la peau"},"content":{"rendered":"\n<section class=\"wp-block-fcs-core-header is-style-gradient--patient\"><header class=\"c-header c-header-wrapper c-header-wrapper-s\"><figure class=\"c-header-img \"><img decoding=\"async\" src=\"https:\/\/fcaresystems.com\/wp-content\/uploads\/2022\/11\/hero-patient-skin-disorder.jpg\" class=\"c-header-img\"\/><figcaption class=\"c-header-content\"><div class=\"o-container\">\n\n<div class=\"wp-block-fcs-core-spacer u-padding-sm-lg u-padding-sm\"><\/div>\n\n\n<div class=\"wp-block-group c-breadcrumb\"><div class=\"wp-block-group__inner-container is-layout-flow wp-block-group-is-layout-flow\">\n<span><span><a href=\"https:\/\/fcaresystems.com\/fr\/\">Home<\/a><\/span><\/span>\n\n<\/div><\/div>\n\n\n<div class=\"wp-block-fcs-core-spacer u-padding-lg-lg u-padding-md\"><\/div>\n\n\n<h1 class=\"wp-block-heading has-white-color has-text-color\">Traitement de la peau par radiofr\u00e9quence<\/h1>\n\n<\/div><\/figcaption><\/figure><\/header><\/section>\n\n\n\n<div class=\"wp-block-group has-white-background-color has-background\"><div class=\"wp-block-group__inner-container is-layout-flow wp-block-group-is-layout-flow\">\n<div class=\"wp-block-fcs-core-container o-container\">\n<div class=\"wp-block-fcs-core-spacer u-padding-md-lg u-padding-sm\"><\/div>\n\n\n\n<div class=\"wp-block-columns is-layout-flex wp-container-core-columns-is-layout-9d6595d7 wp-block-columns-is-layout-flex\">\n<div class=\"wp-block-column is-layout-flow wp-block-column-is-layout-flow\" style=\"flex-basis:66.66%\">\n<h2 class=\"wp-block-heading has-quaternary-color has-text-color\">Probl\u00e8mes de peau<\/h2>\n\n\n\n<p>Certaines personnes peuvent penser que la \u00ab&nbsp;dermatologie cosm\u00e9tique&nbsp;\u00bb se r\u00e9sume \u00e0 \u00ab&nbsp;botoxer des c\u00e9l\u00e9brit\u00e9s&nbsp;\u00bb, mais elle englobe tous les types de pathologies qui peuvent affecter consid\u00e9rablement la sant\u00e9 et le bien-\u00eatre des patients. Heureusement, gr\u00e2ce aux miracles de la m\u00e9decine moderne, bon nombre de ces affections cutan\u00e9es peuvent d\u00e9sormais \u00eatre trait\u00e9es sans chirurgie plastique co\u00fbteuse, ce qui permet aux patients de retrouver imm\u00e9diatement leur aspect et leur bien-\u00eatre.<\/p>\n\n\n\n<p>Nous avons compil\u00e9 quelques-unes des affections cutan\u00e9es les plus courantes ci-dessous. Poursuivez votre lecture pour en savoir plus sur chacune d\u2019entre elles. Vous pourriez \u00eatre surpris.e de d\u00e9couvrir combien d\u2019entre elles peuvent \u00eatre trait\u00e9es de mani\u00e8re s\u00fbre et efficace avec <mark style=\"background-color:rgba(0, 0, 0, 0)\" class=\"has-inline-color has-primary-color\"><a href=\"https:\/\/fcaresystems.com\/fr\/thermocoagulation-par-radiofrequence\/\">l\u2019\u00e9nergie radiofr\u00e9quence (RF)<\/a><\/mark>. (\u00c0 des fins d\u2019\u00e9quit\u00e9, nous mentionnerons \u00e9galement quelques solutions alternatives&nbsp;!)<\/p>\n<\/div>\n\n\n\n<div class=\"wp-block-column is-layout-flow wp-block-column-is-layout-flow\" style=\"flex-basis:33.33%\">\n<div class=\"wp-block-fcs-core-spacer Geen witruimte u-padding-sm\"><\/div>\n\n\n\n<div class=\"wp-block-buttons is-layout-flex wp-block-buttons-is-layout-flex\">\n<div class=\"wp-block-button has-custom-font-size is-style-download has-medium-font-size\"><a class=\"wp-block-button__link has-white-color has-quaternary-background-color has-text-color has-background wp-element-button\" href=\"https:\/\/fcaresystems.com\/wp-content\/uploads\/2023\/09\/D.PAF_.VIRF_.fr_.00.pdf\">T\u00e9l\u00e9charger d\u00e9pliant patient<\/a><\/div>\n<\/div>\n\n\n\n<div class=\"wp-block-fcs-core-spacer u-padding-sm-lg u-padding-sm\"><\/div>\n\n\n\n<figure class=\"wp-block-image size-large\"><a href=\"https:\/\/youtu.be\/5I7geP1c8TI\" target=\"_blank\" rel=\"noreferrer noopener\"><img loading=\"lazy\" decoding=\"async\" width=\"1024\" height=\"576\" src=\"https:\/\/fcaresystems.com\/wp-content\/uploads\/2023\/01\/Thumbn-Veineo-skin-disorders-1-1024x576.jpg\" alt=\"\" class=\"wp-image-6675\" srcset=\"https:\/\/fcaresystems.com\/wp-content\/uploads\/2023\/01\/Thumbn-Veineo-skin-disorders-1-1024x576.jpg 1024w, https:\/\/fcaresystems.com\/wp-content\/uploads\/2023\/01\/Thumbn-Veineo-skin-disorders-1-300x169.jpg 300w, https:\/\/fcaresystems.com\/wp-content\/uploads\/2023\/01\/Thumbn-Veineo-skin-disorders-1-768x432.jpg 768w, https:\/\/fcaresystems.com\/wp-content\/uploads\/2023\/01\/Thumbn-Veineo-skin-disorders-1.jpg 1280w\" sizes=\"auto, (max-width: 1024px) 100vw, 1024px\" \/><\/a><\/figure>\n<\/div>\n<\/div>\n\n\n\n<div class=\"wp-block-fcs-core-spacer u-padding-md-lg u-padding-sm\"><\/div>\n<\/div>\n\n\n\n<div class=\"wp-block-group has-quaternary-light-background-color has-background\"><div class=\"wp-block-group__inner-container is-layout-flow wp-block-group-is-layout-flow\">\n<div class=\"wp-block-group has-quaternary-light-background-color has-background\"><div class=\"wp-block-group__inner-container is-layout-flow wp-block-group-is-layout-flow\">\n<div class=\"wp-block-fcs-core-container o-container\">\n<div class=\"wp-block-columns is-layout-flex wp-container-core-columns-is-layout-9d6595d7 wp-block-columns-is-layout-flex\">\n<div class=\"wp-block-column is-layout-flow wp-block-column-is-layout-flow\" style=\"flex-basis:33.33%\">\n<div class=\"wp-block-fcs-core-spacer u-padding-md-lg u-padding-sm\"><\/div>\n\n\n\n<figure class=\"wp-block-image size-full\"><img loading=\"lazy\" decoding=\"async\" width=\"364\" height=\"188\" src=\"https:\/\/fcaresystems.com\/wp-content\/uploads\/2022\/11\/patient-skin-disorder-spider-veins.jpg\" alt=\"\" class=\"wp-image-1768\" srcset=\"https:\/\/fcaresystems.com\/wp-content\/uploads\/2022\/11\/patient-skin-disorder-spider-veins.jpg 364w, https:\/\/fcaresystems.com\/wp-content\/uploads\/2022\/11\/patient-skin-disorder-spider-veins-300x155.jpg 300w\" sizes=\"auto, (max-width: 364px) 100vw, 364px\" \/><\/figure>\n\n\n\n<div class=\"wp-block-fcs-core-spacer u-padding-xs-lg u-padding-sm\"><\/div>\n<\/div>\n\n\n\n<div class=\"wp-block-column is-layout-flow wp-block-column-is-layout-flow\" style=\"flex-basis:66.66%\">\n<div class=\"wp-block-fcs-core-spacer u-padding-md-lg u-padding-sm\"><\/div>\n\n\n\n<h2 class=\"wp-block-heading has-quaternary-color has-text-color\"><strong>T\u00e9langiectasies en araign\u00e9e<\/strong><\/h2>\n\n\n\n<h3 class=\"wp-block-heading has-quaternary-color has-text-color\">Quelle en est la cause&nbsp;?<\/h3>\n\n\n\n<p>Les veines ont de minuscules \u00ab&nbsp;valvules&nbsp;\u00bb unidirectionnelles \u00e0 l\u2019int\u00e9rieur pour r\u00e9guler le d\u00e9bit sanguin&nbsp;; lorsque ces valvules sont affaiblies ou endommag\u00e9es, le sang ne peut pas circuler correctement et s\u2019accumule donc \u00e0 l\u2019int\u00e9rieur de la veine. Pour de nombreuses personnes, ces petits vaisseaux sanguins vont de pair avec les<mark style=\"background-color:rgba(0, 0, 0, 0)\" class=\"has-inline-color has-primary-color\"> <a href=\"https:\/\/fcaresystems.com\/fr\/information-patient\/varices\/\">varices<\/a> <\/mark>\u2013 le principe de base est identique, mais ils touchent les veines plus larges (g\u00e9n\u00e9ralement dans les jambes et les pieds).<\/p>\n<\/div>\n<\/div>\n\n\n\n<div class=\"wp-block-fcs-core-spacer u-padding-xxs-lg u-padding-sm\"><\/div>\n\n\n\n<div class=\"wp-block-columns is-layout-flex wp-container-core-columns-is-layout-9d6595d7 wp-block-columns-is-layout-flex\">\n<div class=\"wp-block-column is-layout-flow wp-block-column-is-layout-flow\" style=\"flex-basis:33.33%\"><\/div>\n\n\n\n<div class=\"wp-block-column is-layout-flow wp-block-column-is-layout-flow\" style=\"flex-basis:66.66%\">\n<h3 class=\"wp-block-heading has-quaternary-color has-text-color\">Comment pr\u00e9venir ce probl\u00e8me&nbsp;?<\/h3>\n\n\n\n<p>Certaines personnes sont g\u00e9n\u00e9tiquement plus sujettes aux t\u00e9langiectasies que d\u2019autres (vous \u00eates plus susceptible de les avoir si d\u2019autres membres de votre famille en souffrent), mais il existe toutefois des mesures pr\u00e9ventives. Par exemple, les personnes \u00e0 la peau claire d\u00e9veloppent souvent des t\u00e9langiectasies dans les parties du corps endommag\u00e9es de mani\u00e8re chronique par le soleil. Prot\u00e9gez donc votre peau avec de la cr\u00e8me solaire ou des v\u00eatements lorsque vous \u00eates \u00e0 l\u2019ext\u00e9rieur. Tout ce qui provoque des rougeurs (temp\u00e9ratures extr\u00eames, irritation cutan\u00e9e, aliments \u00e9pic\u00e9s, consommation excessive d\u2019alcool) peut potentiellement augmenter votre risque de t\u00e9langiectasies faciales. Comme pour les t\u00e9langiectasies des jambes, elles sont similaires aux varices plus larges&nbsp;: rester en position assise ou debout pendant de longues p\u00e9riodes peut les aggraver, tout comme tout \u00e9tat exer\u00e7ant une pression suppl\u00e9mentaire sur les vaisseaux sanguins (par exemple, ob\u00e9sit\u00e9).<\/p>\n<\/div>\n<\/div>\n\n\n\n<div class=\"wp-block-fcs-core-spacer u-padding-xxs-lg u-padding-sm\"><\/div>\n\n\n\n<div class=\"wp-block-columns is-layout-flex wp-container-core-columns-is-layout-9d6595d7 wp-block-columns-is-layout-flex\">\n<div class=\"wp-block-column is-layout-flow wp-block-column-is-layout-flow\" style=\"flex-basis:33.33%\"><\/div>\n\n\n\n<div class=\"wp-block-column is-layout-flow wp-block-column-is-layout-flow\" style=\"flex-basis:66.66%\">\n<h3 class=\"wp-block-heading has-quaternary-color has-text-color\">Comment le traitement RF peut-il aider&nbsp;?<\/h3>\n\n\n\n<p>La <mark style=\"background-color:rgba(0, 0, 0, 0)\" class=\"has-inline-color has-primary-color\"><a href=\"https:\/\/fcaresystems.com\/fr\/thermocoagulation-par-radiofrequence\/\">thermocoagulation par radiofr\u00e9quence<\/a><\/mark> est l\u2019un des moyens les plus s\u00fbrs et les plus efficaces de traiter les t\u00e9langiectasies. Dans le cadre de ce traitement, le m\u00e9decin ins\u00e8re une minuscule <mark style=\"background-color:rgba(0, 0, 0, 0)\" class=\"has-inline-color has-primary-color\"><a href=\"https:\/\/fcaresystems.com\/fr\/produits\/consommables\/aiguilles-rf\/\">aiguille<\/a> <\/mark>dans la t\u00e9langiectasie et applique l\u2019\u00e9nergie RF cibl\u00e9e, ce qui entra\u00eene l\u2019affaissement des parois veineuses et incite le corps \u00e0 rediriger le sang vers des veines saines.<\/p>\n\n\n\n<div class=\"wp-block-fcs-core-spacer u-padding-xxs-lg u-padding-sm\"><\/div>\n\n\n\n<h3 class=\"wp-block-heading has-quaternary-color has-text-color\">Autres solutions<\/h3>\n\n\n\n<p>Deux autres traitements courants pour les t\u00e9langiectasies sont la scl\u00e9roth\u00e9rapie (injection d\u2019un produit chimique dans les veines pour entra\u00eener leur affaissement) et la th\u00e9rapie au laser. Discutez avec votre m\u00e9decin de l\u2019option qui vous conviendrait le mieux.<\/p>\n<\/div>\n<\/div>\n\n\n\n<div class=\"wp-block-fcs-core-spacer u-padding-md-lg u-padding-md\"><\/div>\n<\/div>\n<\/div><\/div>\n\n\n\n<div class=\"wp-block-group has-white-background-color has-background\"><div class=\"wp-block-group__inner-container is-layout-flow wp-block-group-is-layout-flow\">\n<div class=\"wp-block-fcs-core-container o-container\">\n<div class=\"wp-block-columns is-layout-flex wp-container-core-columns-is-layout-9d6595d7 wp-block-columns-is-layout-flex\">\n<div class=\"wp-block-column is-layout-flow wp-block-column-is-layout-flow\" style=\"flex-basis:33.33%\">\n<div class=\"wp-block-fcs-core-spacer u-padding-md-lg u-padding-sm\"><\/div>\n\n\n\n<figure class=\"wp-block-image size-full\"><img loading=\"lazy\" decoding=\"async\" width=\"364\" height=\"188\" src=\"https:\/\/fcaresystems.com\/wp-content\/uploads\/2022\/11\/patient-skin-disorder-rosacea.jpg\" alt=\"\" class=\"wp-image-1766\" srcset=\"https:\/\/fcaresystems.com\/wp-content\/uploads\/2022\/11\/patient-skin-disorder-rosacea.jpg 364w, https:\/\/fcaresystems.com\/wp-content\/uploads\/2022\/11\/patient-skin-disorder-rosacea-300x155.jpg 300w\" sizes=\"auto, (max-width: 364px) 100vw, 364px\" \/><\/figure>\n<\/div>\n\n\n\n<div class=\"wp-block-column is-layout-flow wp-block-column-is-layout-flow\" style=\"flex-basis:66.66%\">\n<div class=\"wp-block-fcs-core-spacer u-padding-md-lg u-padding-sm\"><\/div>\n\n\n\n<h2 class=\"wp-block-heading has-quaternary-color has-text-color\"><strong>Rosac\u00e9e<\/strong><\/h2>\n\n\n\n<h3 class=\"wp-block-heading has-quaternary-color has-text-color\">Quelle en est la cause&nbsp;?<\/h3>\n\n\n\n<p>La rosac\u00e9e est un trouble largement mal compris. Elle est souvent confondue avec diverses autres affections cutan\u00e9es, notamment l\u2019acn\u00e9, le psoriasis et les r\u00e9actions allergiques. De m\u00eame, les scientifiques ne savent pas pourquoi ce trouble se d\u00e9veloppe&nbsp;; les facteurs possibles vont de la g\u00e9n\u00e9tique aux d\u00e9clencheurs environnementaux en passant par un certain type d\u2019acariens sur la peau. Tout le monde peut \u00eatre touch\u00e9 par ce probl\u00e8me, bien qu\u2019il soit particuli\u00e8rement courant chez les femmes \u00e0 la peau claire \u00e2g\u00e9es de 30 \u00e0 50&nbsp;ans.<\/p>\n<\/div>\n<\/div>\n\n\n\n<div class=\"wp-block-fcs-core-spacer u-padding-xxs-lg u-padding-sm\"><\/div>\n\n\n\n<div class=\"wp-block-columns is-layout-flex wp-container-core-columns-is-layout-9d6595d7 wp-block-columns-is-layout-flex\">\n<div class=\"wp-block-column is-layout-flow wp-block-column-is-layout-flow\" style=\"flex-basis:33.33%\"><\/div>\n\n\n\n<div class=\"wp-block-column is-layout-flow wp-block-column-is-layout-flow\" style=\"flex-basis:66.66%\">\n<h3 class=\"wp-block-heading has-quaternary-color has-text-color\">Comment pr\u00e9venir ce probl\u00e8me&nbsp;?<\/h3>\n\n\n\n<p>Sans une meilleure compr\u00e9hension des causes de la rosac\u00e9e, il est difficile de savoir comment l\u2019\u00e9viter. Les personnes atteintes de rosac\u00e9e peuvent \u00e9viter les pouss\u00e9es en tenant un journal de ce qui les d\u00e9clenche (par exemple, aliments \u00e9pic\u00e9s, soleil, stress, vent et froid, alcool, produits de soin de la peau sp\u00e9cifiques).<\/p>\n<\/div>\n<\/div>\n\n\n\n<div class=\"wp-block-fcs-core-spacer u-padding-xxs-lg u-padding-sm\"><\/div>\n\n\n\n<div class=\"wp-block-columns is-layout-flex wp-container-core-columns-is-layout-9d6595d7 wp-block-columns-is-layout-flex\">\n<div class=\"wp-block-column is-layout-flow wp-block-column-is-layout-flow\" style=\"flex-basis:33.33%\"><\/div>\n\n\n\n<div class=\"wp-block-column is-layout-flow wp-block-column-is-layout-flow\" style=\"flex-basis:66.66%\">\n<h3 class=\"wp-block-heading has-quaternary-color has-text-color\">Comment le traitement RF peut-il aider&nbsp;?<\/h3>\n\n\n\n<p>Il a \u00e9t\u00e9 d\u00e9montr\u00e9 que le traitement par radiofr\u00e9quence procure un soulagement durable en ciblant les vaisseaux sanguins juste en dessous de la peau et responsables des rougeurs.<\/p>\n<\/div>\n<\/div>\n\n\n\n<div class=\"wp-block-fcs-core-spacer u-padding-xxs-lg u-padding-sm\"><\/div>\n\n\n\n<div class=\"wp-block-columns is-layout-flex wp-container-core-columns-is-layout-9d6595d7 wp-block-columns-is-layout-flex\">\n<div class=\"wp-block-column is-layout-flow wp-block-column-is-layout-flow\" style=\"flex-basis:33.33%\"><\/div>\n\n\n\n<div class=\"wp-block-column is-layout-flow wp-block-column-is-layout-flow\" style=\"flex-basis:66.66%\">\n<h3 class=\"wp-block-heading has-quaternary-color has-text-color\">Autres solutions<\/h3>\n\n\n\n<p>Le traitement de la rosac\u00e9e se concentre sur la gestion des sympt\u00f4mes, de sorte qu\u2019il varie d\u2019un patient \u00e0 l\u2019autre. Il peut s\u2019agir, par exemple, d\u2019antibiotiques oraux ou topiques, de m\u00e9dicaments pour r\u00e9tr\u00e9cir les vaisseaux sanguins ou de traitements de l\u2019acn\u00e9 sur ordonnance.<\/p>\n<\/div>\n<\/div>\n\n\n\n<div class=\"wp-block-fcs-core-spacer u-padding-md-lg u-padding-md\"><\/div>\n<\/div>\n<\/div><\/div>\n\n\n\n<div class=\"wp-block-group has-quaternary-light-background-color has-background\"><div class=\"wp-block-group__inner-container is-layout-flow wp-block-group-is-layout-flow\">\n<div class=\"wp-block-fcs-core-container o-container\">\n<div class=\"wp-block-columns is-layout-flex wp-container-core-columns-is-layout-9d6595d7 wp-block-columns-is-layout-flex\">\n<div class=\"wp-block-column is-layout-flow wp-block-column-is-layout-flow\" style=\"flex-basis:33.33%\">\n<div class=\"wp-block-fcs-core-spacer u-padding-md-lg u-padding-sm\"><\/div>\n\n\n\n<figure class=\"wp-block-image size-full\"><img loading=\"lazy\" decoding=\"async\" width=\"364\" height=\"188\" src=\"https:\/\/fcaresystems.com\/wp-content\/uploads\/2022\/11\/patient-skin-disorder-stretch-marks.jpg\" alt=\"\" class=\"wp-image-1769\" srcset=\"https:\/\/fcaresystems.com\/wp-content\/uploads\/2022\/11\/patient-skin-disorder-stretch-marks.jpg 364w, https:\/\/fcaresystems.com\/wp-content\/uploads\/2022\/11\/patient-skin-disorder-stretch-marks-300x155.jpg 300w\" sizes=\"auto, (max-width: 364px) 100vw, 364px\" \/><\/figure>\n<\/div>\n\n\n\n<div class=\"wp-block-column is-layout-flow wp-block-column-is-layout-flow\" style=\"flex-basis:66.66%\">\n<div class=\"wp-block-fcs-core-spacer u-padding-md-lg u-padding-sm\"><\/div>\n\n\n\n<h2 class=\"wp-block-heading has-quaternary-color has-text-color\"><strong>Vergetures<\/strong><\/h2>\n\n\n\n<h3 class=\"wp-block-heading has-quaternary-color has-text-color\">Quelle en est la cause&nbsp;?<\/h3>\n\n\n\n<p>Les vergetures sont un type de cicatrice qui se produit lorsque notre peau s\u2019\u00e9tire ou se r\u00e9tracte tr\u00e8s rapidement, entra\u00eenant la d\u00e9chirure des prot\u00e9ines qu\u2019elle contient (collag\u00e8ne et \u00e9lastine). G\u00e9n\u00e9ralement, ce probl\u00e8me touche les personnes dont le poids ou la taille \u00e9volue rapidement ainsi que les femmes enceintes.<\/p>\n<\/div>\n<\/div>\n\n\n\n<div class=\"wp-block-fcs-core-spacer u-padding-xxs-lg u-padding-sm\"><\/div>\n\n\n\n<div class=\"wp-block-columns is-layout-flex wp-container-core-columns-is-layout-9d6595d7 wp-block-columns-is-layout-flex\">\n<div class=\"wp-block-column is-layout-flow wp-block-column-is-layout-flow\" style=\"flex-basis:33.33%\"><\/div>\n\n\n\n<div class=\"wp-block-column is-layout-flow wp-block-column-is-layout-flow\" style=\"flex-basis:66.66%\">\n<h3 class=\"wp-block-heading has-quaternary-color has-text-color\">Comment pr\u00e9venir ce probl\u00e8me&nbsp;?<\/h3>\n\n\n\n<p>Bien que les vergetures soient en partie une question de g\u00e9n\u00e9tique, tout ce que vous pouvez faire pour garder votre peau saine et souple aidera \u00e0 pr\u00e9venir ou \u00e0 r\u00e9duire au minimum les vergetures. Boire beaucoup d\u2019eau, avoir un apport suffisant en vitamine C (un antioxydant) et faire de l\u2019exercice (pour am\u00e9liorer la circulation) peuvent tous \u00eatre b\u00e9n\u00e9fiques.<\/p>\n<\/div>\n<\/div>\n\n\n\n<div class=\"wp-block-fcs-core-spacer u-padding-xxs-lg u-padding-sm\"><\/div>\n\n\n\n<div class=\"wp-block-columns is-layout-flex wp-container-core-columns-is-layout-9d6595d7 wp-block-columns-is-layout-flex\">\n<div class=\"wp-block-column is-layout-flow wp-block-column-is-layout-flow\" style=\"flex-basis:33.33%\"><\/div>\n\n\n\n<div class=\"wp-block-column is-layout-flow wp-block-column-is-layout-flow\" style=\"flex-basis:66.66%\">\n<h3 class=\"wp-block-heading has-quaternary-color has-text-color\">Comment le traitement RF peut-il aider&nbsp;?<\/h3>\n\n\n\n<p>Le traitement RF stimule la production de collag\u00e8ne, ce qui favorise essentiellement la gu\u00e9rison de la peau. L\u2019avantage de l\u2019\u00e9nergie radiofr\u00e9quence est qu\u2019elle est tr\u00e8s pr\u00e9cise, il n\u2019y a donc aucun risque d\u2019endommager la peau environnante.<\/p>\n<\/div>\n<\/div>\n\n\n\n<div class=\"wp-block-fcs-core-spacer u-padding-xxs-lg u-padding-sm\"><\/div>\n\n\n\n<div class=\"wp-block-columns is-layout-flex wp-container-core-columns-is-layout-9d6595d7 wp-block-columns-is-layout-flex\">\n<div class=\"wp-block-column is-layout-flow wp-block-column-is-layout-flow\" style=\"flex-basis:33.33%\"><\/div>\n\n\n\n<div class=\"wp-block-column is-layout-flow wp-block-column-is-layout-flow\" style=\"flex-basis:66.66%\">\n<h3 class=\"wp-block-heading has-quaternary-color has-text-color\">Autres solutions<\/h3>\n\n\n\n<p>Il existe d\u2019innombrables cr\u00e8mes et pommades sur le march\u00e9 pr\u00e9tendant gu\u00e9rir les vergetures, mais attention&nbsp;: beaucoup d\u2019entre elles n\u2019honorent pas leur promesse. Une exception notable&nbsp;: des \u00e9tudes ont montr\u00e9 que les vergetures plus claires et plus r\u00e9centes r\u00e9agissent souvent aux cr\u00e8mes contenant du r\u00e9tinol.<\/p>\n<\/div>\n<\/div>\n\n\n\n<div class=\"wp-block-fcs-core-spacer u-padding-md-lg u-padding-md\"><\/div>\n<\/div>\n<\/div><\/div>\n\n\n\n<div class=\"wp-block-group has-white-background-color has-background\"><div class=\"wp-block-group__inner-container is-layout-flow wp-block-group-is-layout-flow\">\n<div class=\"wp-block-fcs-core-container o-container\">\n<div class=\"wp-block-columns is-layout-flex wp-container-core-columns-is-layout-9d6595d7 wp-block-columns-is-layout-flex\">\n<div class=\"wp-block-column is-layout-flow wp-block-column-is-layout-flow\" style=\"flex-basis:33.33%\">\n<div class=\"wp-block-fcs-core-spacer u-padding-md-lg u-padding-sm\"><\/div>\n\n\n\n<figure class=\"wp-block-image size-full\"><img loading=\"lazy\" decoding=\"async\" width=\"364\" height=\"188\" src=\"https:\/\/fcaresystems.com\/wp-content\/uploads\/2022\/11\/patient-skin-disorder-cherry-angiomas.jpg\" alt=\"\" class=\"wp-image-1764\" srcset=\"https:\/\/fcaresystems.com\/wp-content\/uploads\/2022\/11\/patient-skin-disorder-cherry-angiomas.jpg 364w, https:\/\/fcaresystems.com\/wp-content\/uploads\/2022\/11\/patient-skin-disorder-cherry-angiomas-300x155.jpg 300w\" sizes=\"auto, (max-width: 364px) 100vw, 364px\" \/><\/figure>\n<\/div>\n\n\n\n<div class=\"wp-block-column is-layout-flow wp-block-column-is-layout-flow\" style=\"flex-basis:66.66%\">\n<div class=\"wp-block-fcs-core-spacer u-padding-md-lg u-padding-sm\"><\/div>\n\n\n\n<h2 class=\"wp-block-heading has-quaternary-color has-text-color\"><strong>Angiomes rubis<\/strong><\/h2>\n\n\n\n<h3 class=\"wp-block-heading has-quaternary-color has-text-color\">Quelle en est la cause&nbsp;?<\/h3>\n\n\n\n<p>Les angiomes rubis -aussi appel\u00e9s angiomes cerises- peuvent se d\u00e9velopper presque n\u2019importe o\u00f9 sur le corps, et les scientifiques ne savent pas vraiment pourquoi. Ils sont assez courants, en particulier chez les personnes de plus de 30\u00a0ans. En fait, environ 75\u00a0% des personnes de plus de 75\u00a0ans en ont au moins un.<\/p>\n<\/div>\n<\/div>\n\n\n\n<div class=\"wp-block-fcs-core-spacer u-padding-xxs-lg u-padding-sm\"><\/div>\n\n\n\n<div class=\"wp-block-columns is-layout-flex wp-container-core-columns-is-layout-9d6595d7 wp-block-columns-is-layout-flex\">\n<div class=\"wp-block-column is-layout-flow wp-block-column-is-layout-flow\" style=\"flex-basis:33.33%\"><\/div>\n\n\n\n<div class=\"wp-block-column is-layout-flow wp-block-column-is-layout-flow\" style=\"flex-basis:66.66%\">\n<h3 class=\"wp-block-heading has-quaternary-color has-text-color\">Comment pr\u00e9venir ce probl\u00e8me&nbsp;?<\/h3>\n\n\n\n<p>Sans conna\u00eetre l\u2019origine du probl\u00e8me, il est difficile d\u00e9terminer une m\u00e9thode de pr\u00e9vention. Heureusement, ils ne sont pas dangereux, m\u00eame s\u2019ils peuvent \u00eatre g\u00eanants, surtout s\u2019ils se trouvent l\u00e0 o\u00f9 ils frottent contre les v\u00eatements.<\/p>\n<\/div>\n<\/div>\n\n\n\n<div class=\"wp-block-fcs-core-spacer u-padding-xxs-lg u-padding-sm\"><\/div>\n\n\n\n<div class=\"wp-block-columns is-layout-flex wp-container-core-columns-is-layout-9d6595d7 wp-block-columns-is-layout-flex\">\n<div class=\"wp-block-column is-layout-flow wp-block-column-is-layout-flow\" style=\"flex-basis:33.33%\"><\/div>\n\n\n\n<div class=\"wp-block-column is-layout-flow wp-block-column-is-layout-flow\" style=\"flex-basis:66.66%\">\n<h3 class=\"wp-block-heading has-quaternary-color has-text-color\">Comment le traitement RF peut-il aider&nbsp;?<\/h3>\n\n\n\n<p>Les angiomes rubis sont des tumeurs b\u00e9nignes compos\u00e9es de vaisseaux sanguins, ce qui fait de la <mark style=\"background-color:rgba(0, 0, 0, 0)\" class=\"has-inline-color has-primary-color\"><a href=\"https:\/\/fcaresystems.com\/fr\/thermocoagulation-par-radiofrequence\/\">thermocoagulation par RF<\/a><\/mark> un choix pertinent. Le m\u00e9decin perce l\u2019angiome \u00e0 l\u2019aide d\u2019une aiguille tr\u00e8s fine et applique l\u2019\u00e9nergie RF, ce qui entra\u00eene l\u2019affaissement des parois des vaisseaux sanguins et l\u2019\u00e9limination de l\u2019angiome.<\/p>\n<\/div>\n<\/div>\n\n\n\n<div class=\"wp-block-fcs-core-spacer u-padding-xxs-lg u-padding-sm\"><\/div>\n\n\n\n<div class=\"wp-block-columns is-layout-flex wp-container-core-columns-is-layout-9d6595d7 wp-block-columns-is-layout-flex\">\n<div class=\"wp-block-column is-layout-flow wp-block-column-is-layout-flow\" style=\"flex-basis:33.33%\"><\/div>\n\n\n\n<div class=\"wp-block-column is-layout-flow wp-block-column-is-layout-flow\" style=\"flex-basis:66.66%\">\n<h3 class=\"wp-block-heading has-quaternary-color has-text-color\">Autres solutions<\/h3>\n\n\n\n<p>Les angiomes cerises peuvent \u00e9galement \u00eatre congel\u00e9s (\u00e0 l\u2019azote liquide), br\u00fbl\u00e9s (au laser) ou ras\u00e9s (\u00e0 l\u2019aide d\u2019une lame fine). \u00c9vitez toutefois d\u2019intervenir vous-m\u00eame, au risque d\u2019entra\u00eener des saignements.<\/p>\n<\/div>\n<\/div>\n\n\n\n<div class=\"wp-block-fcs-core-spacer u-padding-md-lg u-padding-md\"><\/div>\n<\/div>\n<\/div><\/div>\n\n\n\n<div class=\"wp-block-group has-quaternary-light-background-color has-background\"><div class=\"wp-block-group__inner-container is-layout-flow wp-block-group-is-layout-flow\">\n<div class=\"wp-block-fcs-core-container o-container\">\n<div class=\"wp-block-columns is-layout-flex wp-container-core-columns-is-layout-9d6595d7 wp-block-columns-is-layout-flex\">\n<div class=\"wp-block-column is-layout-flow wp-block-column-is-layout-flow\" style=\"flex-basis:33.33%\">\n<div class=\"wp-block-fcs-core-spacer u-padding-md-lg u-padding-sm\"><\/div>\n\n\n\n<figure class=\"wp-block-image size-full\"><img loading=\"lazy\" decoding=\"async\" width=\"364\" height=\"188\" src=\"https:\/\/fcaresystems.com\/wp-content\/uploads\/2022\/11\/patient-skin-disorder-fibromas.jpg\" alt=\"\" class=\"wp-image-1765\" srcset=\"https:\/\/fcaresystems.com\/wp-content\/uploads\/2022\/11\/patient-skin-disorder-fibromas.jpg 364w, https:\/\/fcaresystems.com\/wp-content\/uploads\/2022\/11\/patient-skin-disorder-fibromas-300x155.jpg 300w\" sizes=\"auto, (max-width: 364px) 100vw, 364px\" \/><\/figure>\n<\/div>\n\n\n\n<div class=\"wp-block-column is-layout-flow wp-block-column-is-layout-flow\" style=\"flex-basis:66.66%\">\n<div class=\"wp-block-fcs-core-spacer u-padding-md-lg u-padding-sm\"><\/div>\n\n\n\n<h2 class=\"wp-block-heading has-quaternary-color has-text-color\"><strong>Fibromes<\/strong><\/h2>\n\n\n\n<h3 class=\"wp-block-heading has-quaternary-color has-text-color\">Quelle en est la cause&nbsp;?<\/h3>\n\n\n\n<p>Les fibromes sont des tumeurs b\u00e9nignes (non canc\u00e9reuses) compos\u00e9es de tissu conjonctif. Si ces tumeurs peuvent toucher tout le monde, elles sont toutefois plus fr\u00e9quentes chez les personnes \u00e2g\u00e9es de 20 \u00e0 49 ans, et deux fois plus fr\u00e9quentes chez les femmes que chez les hommes. Environ 20&nbsp;% des personnes touch\u00e9es avaient pr\u00e9c\u00e9demment une plaie \u00e0 l\u2019endroit o\u00f9 le fibrome s\u2019est form\u00e9, bien que ces tumeurs se d\u00e9veloppent souvent sans raison apparente.<\/p>\n<\/div>\n<\/div>\n\n\n\n<div class=\"wp-block-fcs-core-spacer u-padding-xxs-lg u-padding-sm\"><\/div>\n\n\n\n<div class=\"wp-block-columns is-layout-flex wp-container-core-columns-is-layout-9d6595d7 wp-block-columns-is-layout-flex\">\n<div class=\"wp-block-column is-layout-flow wp-block-column-is-layout-flow\" style=\"flex-basis:33.33%\"><\/div>\n\n\n\n<div class=\"wp-block-column is-layout-flow wp-block-column-is-layout-flow\" style=\"flex-basis:66.66%\">\n<h3 class=\"wp-block-heading has-quaternary-color has-text-color\">Comment pr\u00e9venir ce probl\u00e8me&nbsp;?<\/h3>\n\n\n\n<p>Il n\u2019existe pas de moyen connu de pr\u00e9venir les fibromes, mais heureusement, ils ne sont pas dangereux. Ils peuvent m\u00eame ne pas n\u00e9cessiter de traitement \u00e0 moins qu\u2019ils deviennent source d\u2019inconfort (typiquement douleur ou d\u00e9mangeaisons).<\/p>\n<\/div>\n<\/div>\n\n\n\n<div class=\"wp-block-fcs-core-spacer u-padding-xxs-lg u-padding-sm\"><\/div>\n\n\n\n<div class=\"wp-block-columns is-layout-flex wp-container-core-columns-is-layout-9d6595d7 wp-block-columns-is-layout-flex\">\n<div class=\"wp-block-column is-layout-flow wp-block-column-is-layout-flow\" style=\"flex-basis:33.33%\"><\/div>\n\n\n\n<div class=\"wp-block-column is-layout-flow wp-block-column-is-layout-flow\" style=\"flex-basis:66.66%\">\n<h3 class=\"wp-block-heading has-quaternary-color has-text-color\">Comment le traitement RF peut-il aider&nbsp;?<\/h3>\n\n\n\n<p>Votre m\u00e9decin peut retirer le fibrome en l\u2019incisant d\u00e9licatement \u00e0 l\u2019aide d\u2019une <mark style=\"background-color:rgba(0, 0, 0, 0)\" class=\"has-inline-color has-primary-color\"><a href=\"https:\/\/fcaresystems.com\/fr\/produits\/consommables\/aiguilles-rf\/\">aiguille<\/a> <\/mark>\u00e0 radiofr\u00e9quence tr\u00e8s fine. Cette intervention est g\u00e9n\u00e9ralement indolore et ne prend que quelques minutes.<\/p>\n<\/div>\n<\/div>\n\n\n\n<div class=\"wp-block-fcs-core-spacer u-padding-xxs-lg u-padding-sm\"><\/div>\n\n\n\n<div class=\"wp-block-columns is-layout-flex wp-container-core-columns-is-layout-9d6595d7 wp-block-columns-is-layout-flex\">\n<div class=\"wp-block-column is-layout-flow wp-block-column-is-layout-flow\" style=\"flex-basis:33.33%\"><\/div>\n\n\n\n<div class=\"wp-block-column is-layout-flow wp-block-column-is-layout-flow\" style=\"flex-basis:66.66%\">\n<h3 class=\"wp-block-heading has-quaternary-color has-text-color\">Other alternatives<\/h3>\n\n\n\n<p>Fibromas can also be treated using steroid injections. In some cases, they go away on their own.<\/p>\n<\/div>\n<\/div>\n\n\n\n<div class=\"wp-block-fcs-core-spacer u-padding-md-lg u-padding-md\"><\/div>\n<\/div>\n<\/div><\/div>\n\n\n\n<div class=\"wp-block-group has-white-background-color has-background\"><div class=\"wp-block-group__inner-container is-layout-flow wp-block-group-is-layout-flow\">\n<div class=\"wp-block-fcs-core-container o-container\">\n<div class=\"wp-block-columns is-layout-flex wp-container-core-columns-is-layout-9d6595d7 wp-block-columns-is-layout-flex\">\n<div class=\"wp-block-column is-layout-flow wp-block-column-is-layout-flow\" style=\"flex-basis:33.33%\">\n<div class=\"wp-block-fcs-core-spacer u-padding-md-lg u-padding-sm\"><\/div>\n\n\n\n<figure class=\"wp-block-image size-full\"><img loading=\"lazy\" decoding=\"async\" width=\"364\" height=\"188\" src=\"https:\/\/fcaresystems.com\/wp-content\/uploads\/2022\/11\/patient-skin-disorder-wrinkles.jpg\" alt=\"\" class=\"wp-image-1770\" srcset=\"https:\/\/fcaresystems.com\/wp-content\/uploads\/2022\/11\/patient-skin-disorder-wrinkles.jpg 364w, https:\/\/fcaresystems.com\/wp-content\/uploads\/2022\/11\/patient-skin-disorder-wrinkles-300x155.jpg 300w\" sizes=\"auto, (max-width: 364px) 100vw, 364px\" \/><\/figure>\n<\/div>\n\n\n\n<div class=\"wp-block-column is-layout-flow wp-block-column-is-layout-flow\" style=\"flex-basis:66.66%\">\n<div class=\"wp-block-fcs-core-spacer u-padding-md-lg u-padding-sm\"><\/div>\n\n\n\n<h2 class=\"wp-block-heading has-quaternary-color has-text-color\">Wrinkles<\/h2>\n\n\n\n<h3 class=\"wp-block-heading has-quaternary-color has-text-color\">Quelle en est la cause&nbsp;?<\/h3>\n\n\n\n<p>Certaines rides sont caus\u00e9es par une perte de volume sous la peau, ce qui entra\u00eene son affaissement&nbsp;; d\u2019autres surviennent parce que la peau ne peut plus \u00ab&nbsp;se remettre en place&nbsp;\u00bb aussi facilement (par exemple, les rides d\u2019expression). Ces deux types de rides sont principalement caus\u00e9s par le processus de vieillissement naturel, c\u2019est pourquoi le \u00ab&nbsp;traitement anti-\u00e2ge&nbsp;\u00bb et le \u00ab&nbsp;traitement anti-rides&nbsp;\u00bb sont pratiquement synonymes.<\/p>\n<\/div>\n<\/div>\n\n\n\n<div class=\"wp-block-fcs-core-spacer u-padding-xxs-lg u-padding-sm\"><\/div>\n\n\n\n<div class=\"wp-block-columns is-layout-flex wp-container-core-columns-is-layout-9d6595d7 wp-block-columns-is-layout-flex\">\n<div class=\"wp-block-column is-layout-flow wp-block-column-is-layout-flow\" style=\"flex-basis:33.33%\"><\/div>\n\n\n\n<div class=\"wp-block-column is-layout-flow wp-block-column-is-layout-flow\" style=\"flex-basis:66.66%\">\n<h3 class=\"wp-block-heading has-quaternary-color has-text-color\">Comment pr\u00e9venir ce probl\u00e8me&nbsp;?<\/h3>\n\n\n\n<p>Si les fontaines de jeunesse \u00e9ternelle sont malheureusement un mythe, il existe toutefois des techniques pour ralentir le processus de vieillissement. Pour commencer&nbsp;: ne fumez pas, prot\u00e9gez votre peau du soleil, buvez beaucoup d\u2019eau et utilisez une cr\u00e8me hydratante de bonne qualit\u00e9<\/p>\n<\/div>\n<\/div>\n\n\n\n<div class=\"wp-block-fcs-core-spacer u-padding-xxs-lg u-padding-sm\"><\/div>\n\n\n\n<div class=\"wp-block-columns is-layout-flex wp-container-core-columns-is-layout-9d6595d7 wp-block-columns-is-layout-flex\">\n<div class=\"wp-block-column is-layout-flow wp-block-column-is-layout-flow\" style=\"flex-basis:33.33%\"><\/div>\n\n\n\n<div class=\"wp-block-column is-layout-flow wp-block-column-is-layout-flow\" style=\"flex-basis:66.66%\">\n<h3 class=\"wp-block-heading has-quaternary-color has-text-color\">Comment le traitement RF peut-il aider&nbsp;?<\/h3>\n\n\n\n<p>L\u2019\u00e9nergie radiofr\u00e9quence p\u00e9n\u00e8tre au-del\u00e0 de la couche sup\u00e9rieure de la peau (l\u2019\u00e9piderme) et dans les couches plus profondes (le derme). Cette \u00e9nergie cr\u00e9e de la chaleur, ce qui d\u00e9clenche les processus r\u00e9g\u00e9n\u00e9ratifs naturels du corps et lui permet de produire plus de collag\u00e8ne (une prot\u00e9ine qui aide \u00e0 garder la peau ferme et bien hydrat\u00e9e). L\u2019effet de \u00ab&nbsp;resserrement&nbsp;\u00bb qui en r\u00e9sulte peut durer de quelques mois \u00e0 quelques ann\u00e9es.<\/p>\n<\/div>\n<\/div>\n\n\n\n<div class=\"wp-block-fcs-core-spacer u-padding-xxs-lg u-padding-sm\"><\/div>\n\n\n\n<div class=\"wp-block-columns is-layout-flex wp-container-core-columns-is-layout-9d6595d7 wp-block-columns-is-layout-flex\">\n<div class=\"wp-block-column is-layout-flow wp-block-column-is-layout-flow\" style=\"flex-basis:33.33%\"><\/div>\n\n\n\n<div class=\"wp-block-column is-layout-flow wp-block-column-is-layout-flow\" style=\"flex-basis:66.66%\">\n<h3 class=\"wp-block-heading has-quaternary-color has-text-color\">Autres solutions<\/h3>\n\n\n\n<p>Produits de comblement dermique, peelings chimiques, liftings du visage, cr\u00e8mes antirides, Botox&#8230; la liste est longue&nbsp;!<\/p>\n<\/div>\n<\/div>\n\n\n\n<div class=\"wp-block-fcs-core-spacer u-padding-md-lg u-padding-md\"><\/div>\n<\/div>\n<\/div><\/div>\n\n\n\n<div class=\"wp-block-group has-quaternary-light-background-color has-background\"><div class=\"wp-block-group__inner-container is-layout-flow wp-block-group-is-layout-flow\">\n<div class=\"wp-block-fcs-core-container o-container\">\n<div class=\"wp-block-columns is-layout-flex wp-container-core-columns-is-layout-9d6595d7 wp-block-columns-is-layout-flex\">\n<div class=\"wp-block-column is-layout-flow wp-block-column-is-layout-flow\" style=\"flex-basis:33.33%\">\n<div class=\"wp-block-fcs-core-spacer u-padding-md-lg u-padding-sm\"><\/div>\n\n\n\n<figure class=\"wp-block-image size-full\"><img loading=\"lazy\" decoding=\"async\" width=\"364\" height=\"188\" src=\"https:\/\/fcaresystems.com\/wp-content\/uploads\/2023\/02\/patient-skin-disorder-skin-tag_366x188.jpg\" alt=\"\" class=\"wp-image-9600\" srcset=\"https:\/\/fcaresystems.com\/wp-content\/uploads\/2023\/02\/patient-skin-disorder-skin-tag_366x188.jpg 364w, https:\/\/fcaresystems.com\/wp-content\/uploads\/2023\/02\/patient-skin-disorder-skin-tag_366x188-300x155.jpg 300w\" sizes=\"auto, (max-width: 364px) 100vw, 364px\" \/><\/figure>\n<\/div>\n\n\n\n<div class=\"wp-block-column is-layout-flow wp-block-column-is-layout-flow\" style=\"flex-basis:66.66%\">\n<div class=\"wp-block-fcs-core-spacer u-padding-md-lg u-padding-sm\"><\/div>\n\n\n\n<h2 class=\"wp-block-heading has-quaternary-color has-text-color\"><strong>Acrochordons<\/strong><\/h2>\n\n\n\n<h3 class=\"wp-block-heading has-quaternary-color has-text-color\">Quelle en est la cause&nbsp;?<\/h3>\n\n\n\n<p>Les acrochordons sont le r\u00e9sultat de l\u2019excroissance de cellules sur les couches sup\u00e9rieures de la peau. Certaines personnes y sont g\u00e9n\u00e9tiquement plus pr\u00e9dispos\u00e9es que d\u2019autres. Ils sont en partie caus\u00e9s par le frottement de la peau contre elle-m\u00eame, de sorte que les personnes en surpoids y sont davantage expos\u00e9es. Ils sont \u00e9galement plus fr\u00e9quents chez les personnes \u00e2g\u00e9es, les diab\u00e9tiques de type 2 et les femmes enceintes.<\/p>\n<\/div>\n<\/div>\n\n\n\n<div class=\"wp-block-fcs-core-spacer u-padding-xxs-lg u-padding-sm\"><\/div>\n\n\n\n<div class=\"wp-block-columns is-layout-flex wp-container-core-columns-is-layout-9d6595d7 wp-block-columns-is-layout-flex\">\n<div class=\"wp-block-column is-layout-flow wp-block-column-is-layout-flow\" style=\"flex-basis:33.33%\"><\/div>\n\n\n\n<div class=\"wp-block-column is-layout-flow wp-block-column-is-layout-flow\" style=\"flex-basis:66.66%\">\n<h3 class=\"wp-block-heading has-quaternary-color has-text-color\">Comment pr\u00e9venir ce probl\u00e8me&nbsp;?<\/h3>\n\n\n\n<p>Seulement dans une certaine mesure&nbsp;: vous pouvez diminuer les risques en r\u00e9duisant le ph\u00e9nom\u00e8ne de frottement cutan\u00e9. Si vous portez des colliers, ils pourraient se former autour de la nuque. Si vous avez tendance \u00e0 en observer sous les bras, les poudres ou les d\u00e9odorants en poudre peuvent vous aider.&nbsp;<\/p>\n<\/div>\n<\/div>\n\n\n\n<div class=\"wp-block-fcs-core-spacer u-padding-xxs-lg u-padding-sm\"><\/div>\n\n\n\n<div class=\"wp-block-columns is-layout-flex wp-container-core-columns-is-layout-9d6595d7 wp-block-columns-is-layout-flex\">\n<div class=\"wp-block-column is-layout-flow wp-block-column-is-layout-flow\" style=\"flex-basis:33.33%\"><\/div>\n\n\n\n<div class=\"wp-block-column is-layout-flow wp-block-column-is-layout-flow\" style=\"flex-basis:66.66%\">\n<h3 class=\"wp-block-heading has-quaternary-color has-text-color\">Comment le traitement RF peut-il aider&nbsp;?<\/h3>\n\n\n\n<p>Comme pour les fibromes, les acrochordons peuvent \u00eatre retir\u00e9s en quelques minutes \u00e0 l\u2019aide d\u2019une<a href=\"https:\/\/fcaresystems.com\/fr\/produits\/consommables\/aiguilles-rf\/\"> <mark style=\"background-color:rgba(0, 0, 0, 0)\" class=\"has-inline-color has-primary-color\">aiguille<\/mark><\/a> fine \u00e0 radiofr\u00e9quence, ce qui cr\u00e9e une incision propre et indolore sans endommager les tissus environnants.<\/p>\n<\/div>\n<\/div>\n\n\n\n<div class=\"wp-block-fcs-core-spacer u-padding-xxs-lg u-padding-sm\"><\/div>\n\n\n\n<div class=\"wp-block-columns is-layout-flex wp-container-core-columns-is-layout-9d6595d7 wp-block-columns-is-layout-flex\">\n<div class=\"wp-block-column is-layout-flow wp-block-column-is-layout-flow\" style=\"flex-basis:33.33%\"><\/div>\n\n\n\n<div class=\"wp-block-column is-layout-flow wp-block-column-is-layout-flow\" style=\"flex-basis:66.66%\">\n<h3 class=\"wp-block-heading has-quaternary-color has-text-color\">Autres solutions<\/h3>\n\n\n\n<p>Les acrochordons peuvent \u00eatre trait\u00e9s par cong\u00e9lation, incision ou caut\u00e9risation. Dans certains cas, ils peuvent m\u00eame tomber seuls.<\/p>\n<\/div>\n<\/div>\n\n\n\n<div class=\"wp-block-fcs-core-spacer u-padding-md-lg u-padding-sm\"><\/div>\n<\/div>\n<\/div><\/div>\n<\/div><\/div>\n<\/div><\/div>\n\n\n\n<div class=\"wp-block-group has-secondary-background-color has-background\"><div class=\"wp-block-group__inner-container is-layout-constrained wp-block-group-is-layout-constrained\">\n<div class=\"wp-block-fcs-core-container o-container\">\n<div class=\"wp-block-fcs-core-spacer u-padding-xl-lg u-padding-md\"><\/div>\n\n\n\n<h2 class=\"wp-block-heading has-text-align-center has-white-color has-text-color\">O\u00f9 puis-je me faire traiter?<\/h2>\n\n\n\n<div class=\"wp-block-buttons is-content-justification-center is-layout-flex wp-container-core-buttons-is-layout-16018d1d wp-block-buttons-is-layout-flex\">\n<div class=\"wp-block-button is-style-fill\"><a class=\"wp-block-button__link has-quaternary-background-color has-background wp-element-button\" href=\"https:\/\/fcaresystems.com\/fr\/contact\/\">Contactez-nous pour trouver un sp\u00e9cialiste<\/a><\/div>\n<\/div>\n\n\n\n<div class=\"wp-block-fcs-core-spacer u-padding-xl-lg u-padding-md\"><\/div>\n<\/div>\n<\/div><\/div>\n\n\n\n<div class=\"wp-block-group has-quaternary-background-color has-background\"><div class=\"wp-block-group__inner-container is-layout-flow wp-block-group-is-layout-flow\">\n<div class=\"wp-block-fcs-core-container o-container\">\n<div class=\"wp-block-fcs-core-spacer u-padding-md-lg u-padding-md\"><\/div>\n\n\n\n<div class=\"wp-block-fcs-core-spacer u-padding-md-lg u-padding-md\"><\/div>\n<\/div>\n<\/div><\/div>\n","protected":false},"excerpt":{"rendered":"<p>Rides, t\u00e9langiectasies en araign\u00e9e, vergetures, grains de beaut\u00e9 rouges, acrochordons&#8230; bien qu\u2019aucun d\u2019entre eux ne soit un probl\u00e8me de sant\u00e9 majeur, ils peuvent certainement affecter la confiance en soi. Nous avons rassembl\u00e9 quelques informations sur une vari\u00e9t\u00e9 d\u2019affections cutan\u00e9es, y compris comment (et si) elles peuvent \u00eatre \u00e9vit\u00e9es et comment la m\u00e9decine moderne peut aider.<\/p>\n","protected":false},"author":1,"featured_media":5266,"parent":6416,"menu_order":4,"comment_status":"closed","ping_status":"closed","template":"","meta":{"_color_hex":"","_color_slug":"","footnotes":""},"class_list":["post-7077","page","type-page","status-publish","has-post-thumbnail","hentry"],"yoast_head":"<!-- This site is optimized with the Yoast SEO plugin v27.5 - https:\/\/yoast.com\/product\/yoast-seo-wordpress\/ -->\n<title>Traitement de la peau par radiofr\u00e9quence | F Care Systems<\/title>\n<meta name=\"description\" content=\"D\u00e9couvrez comment l&#039;\u00e9nergie RF est utilis\u00e9e en dermatologie esth\u00e9tique pour traiter les varicosit\u00e9s, les rides, les vergetures, la rosac\u00e9e et bien plus encore !\" \/>\n<meta name=\"robots\" content=\"index, follow, max-snippet:-1, max-image-preview:large, max-video-preview:-1\" \/>\n<link rel=\"canonical\" href=\"https:\/\/fcaresystems.com\/fr\/information-patient\/troubles-de-la-peau\/\" \/>\n<meta property=\"og:locale\" content=\"fr_FR\" \/>\n<meta property=\"og:type\" content=\"article\" \/>\n<meta property=\"og:title\" content=\"Traitement de la peau par radiofr\u00e9quence | F Care Systems\" \/>\n<meta property=\"og:description\" content=\"D\u00e9couvrez comment l&#039;\u00e9nergie RF est utilis\u00e9e en dermatologie esth\u00e9tique pour traiter les varicosit\u00e9s, les rides, les vergetures, la rosac\u00e9e et bien plus encore !\" \/>\n<meta property=\"og:url\" content=\"https:\/\/fcaresystems.com\/fr\/information-patient\/troubles-de-la-peau\/\" \/>\n<meta property=\"og:site_name\" content=\"F Care Systems\" \/>\n<meta property=\"article:modified_time\" content=\"2023-12-20T09:27:51+00:00\" \/>\n<meta property=\"og:image\" content=\"https:\/\/fcaresystems.com\/wp-content\/uploads\/2022\/11\/teaser-patient\u2013skin-disorder.jpg\" \/>\n\t<meta property=\"og:image:width\" content=\"364\" \/>\n\t<meta property=\"og:image:height\" content=\"188\" \/>\n\t<meta property=\"og:image:type\" content=\"image\/jpeg\" \/>\n<meta name=\"twitter:card\" content=\"summary_large_image\" \/>\n<meta name=\"twitter:label1\" content=\"Dur\u00e9e de lecture estim\u00e9e\" \/>\n\t<meta name=\"twitter:data1\" content=\"10 minutes\" \/>\n<script type=\"application\/ld+json\" class=\"yoast-schema-graph\">{\"@context\":\"https:\\\/\\\/schema.org\",\"@graph\":[{\"@type\":\"WebPage\",\"@id\":\"https:\\\/\\\/fcaresystems.com\\\/fr\\\/information-patient\\\/troubles-de-la-peau\\\/\",\"url\":\"https:\\\/\\\/fcaresystems.com\\\/fr\\\/information-patient\\\/troubles-de-la-peau\\\/\",\"name\":\"Traitement de la peau par radiofr\u00e9quence | F Care Systems\",\"isPartOf\":{\"@id\":\"https:\\\/\\\/fcaresystems.com\\\/fr\\\/#website\"},\"primaryImageOfPage\":{\"@id\":\"https:\\\/\\\/fcaresystems.com\\\/fr\\\/information-patient\\\/troubles-de-la-peau\\\/#primaryimage\"},\"image\":{\"@id\":\"https:\\\/\\\/fcaresystems.com\\\/fr\\\/information-patient\\\/troubles-de-la-peau\\\/#primaryimage\"},\"thumbnailUrl\":\"https:\\\/\\\/fcaresystems.com\\\/wp-content\\\/uploads\\\/2022\\\/11\\\/teaser-patient\u2013skin-disorder.jpg\",\"datePublished\":\"2022-11-18T12:45:36+00:00\",\"dateModified\":\"2023-12-20T09:27:51+00:00\",\"description\":\"D\u00e9couvrez comment l'\u00e9nergie RF est utilis\u00e9e en dermatologie esth\u00e9tique pour traiter les varicosit\u00e9s, les rides, les vergetures, la rosac\u00e9e et bien plus encore !\",\"breadcrumb\":{\"@id\":\"https:\\\/\\\/fcaresystems.com\\\/fr\\\/information-patient\\\/troubles-de-la-peau\\\/#breadcrumb\"},\"inLanguage\":\"fr-FR\",\"potentialAction\":[{\"@type\":\"ReadAction\",\"target\":[\"https:\\\/\\\/fcaresystems.com\\\/fr\\\/information-patient\\\/troubles-de-la-peau\\\/\"]}]},{\"@type\":\"ImageObject\",\"inLanguage\":\"fr-FR\",\"@id\":\"https:\\\/\\\/fcaresystems.com\\\/fr\\\/information-patient\\\/troubles-de-la-peau\\\/#primaryimage\",\"url\":\"https:\\\/\\\/fcaresystems.com\\\/wp-content\\\/uploads\\\/2022\\\/11\\\/teaser-patient\u2013skin-disorder.jpg\",\"contentUrl\":\"https:\\\/\\\/fcaresystems.com\\\/wp-content\\\/uploads\\\/2022\\\/11\\\/teaser-patient\u2013skin-disorder.jpg\",\"width\":364,\"height\":188},{\"@type\":\"BreadcrumbList\",\"@id\":\"https:\\\/\\\/fcaresystems.com\\\/fr\\\/information-patient\\\/troubles-de-la-peau\\\/#breadcrumb\",\"itemListElement\":[{\"@type\":\"ListItem\",\"position\":1,\"name\":\"Home\",\"item\":\"https:\\\/\\\/fcaresystems.com\\\/fr\\\/\"},{\"@type\":\"ListItem\",\"position\":2,\"name\":\"Information patient\",\"item\":\"https:\\\/\\\/fcaresystems.com\\\/fr\\\/information-patient\\\/\"},{\"@type\":\"ListItem\",\"position\":3,\"name\":\"Troubles de la peau\"}]},{\"@type\":\"WebSite\",\"@id\":\"https:\\\/\\\/fcaresystems.com\\\/fr\\\/#website\",\"url\":\"https:\\\/\\\/fcaresystems.com\\\/fr\\\/\",\"name\":\"F Care Systems\",\"description\":\"\",\"publisher\":{\"@id\":\"https:\\\/\\\/fcaresystems.com\\\/fr\\\/#organization\"},\"potentialAction\":[{\"@type\":\"SearchAction\",\"target\":{\"@type\":\"EntryPoint\",\"urlTemplate\":\"https:\\\/\\\/fcaresystems.com\\\/fr\\\/?s={search_term_string}\"},\"query-input\":{\"@type\":\"PropertyValueSpecification\",\"valueRequired\":true,\"valueName\":\"search_term_string\"}}],\"inLanguage\":\"fr-FR\"},{\"@type\":\"Organization\",\"@id\":\"https:\\\/\\\/fcaresystems.com\\\/fr\\\/#organization\",\"name\":\"F Care Systems\",\"url\":\"https:\\\/\\\/fcaresystems.com\\\/fr\\\/\",\"logo\":{\"@type\":\"ImageObject\",\"inLanguage\":\"fr-FR\",\"@id\":\"https:\\\/\\\/fcaresystems.com\\\/fr\\\/#\\\/schema\\\/logo\\\/image\\\/\",\"url\":\"https:\\\/\\\/fcaresystems.com\\\/wp-content\\\/uploads\\\/2022\\\/11\\\/logo-2.svg\",\"contentUrl\":\"https:\\\/\\\/fcaresystems.com\\\/wp-content\\\/uploads\\\/2022\\\/11\\\/logo-2.svg\",\"caption\":\"F Care Systems\"},\"image\":{\"@id\":\"https:\\\/\\\/fcaresystems.com\\\/fr\\\/#\\\/schema\\\/logo\\\/image\\\/\"}}]}<\/script>\n<!-- \/ Yoast SEO plugin. -->","yoast_head_json":{"title":"Traitement de la peau par radiofr\u00e9quence | F Care Systems","description":"D\u00e9couvrez comment l'\u00e9nergie RF est utilis\u00e9e en dermatologie esth\u00e9tique pour traiter les varicosit\u00e9s, les rides, les vergetures, la rosac\u00e9e et bien plus encore !","robots":{"index":"index","follow":"follow","max-snippet":"max-snippet:-1","max-image-preview":"max-image-preview:large","max-video-preview":"max-video-preview:-1"},"canonical":"https:\/\/fcaresystems.com\/fr\/information-patient\/troubles-de-la-peau\/","og_locale":"fr_FR","og_type":"article","og_title":"Traitement de la peau par radiofr\u00e9quence | F Care Systems","og_description":"D\u00e9couvrez comment l'\u00e9nergie RF est utilis\u00e9e en dermatologie esth\u00e9tique pour traiter les varicosit\u00e9s, les rides, les vergetures, la rosac\u00e9e et bien plus encore !","og_url":"https:\/\/fcaresystems.com\/fr\/information-patient\/troubles-de-la-peau\/","og_site_name":"F Care Systems","article_modified_time":"2023-12-20T09:27:51+00:00","og_image":[{"width":364,"height":188,"url":"https:\/\/fcaresystems.com\/wp-content\/uploads\/2022\/11\/teaser-patient\u2013skin-disorder.jpg","type":"image\/jpeg"}],"twitter_card":"summary_large_image","twitter_misc":{"Dur\u00e9e de lecture estim\u00e9e":"10 minutes"},"schema":{"@context":"https:\/\/schema.org","@graph":[{"@type":"WebPage","@id":"https:\/\/fcaresystems.com\/fr\/information-patient\/troubles-de-la-peau\/","url":"https:\/\/fcaresystems.com\/fr\/information-patient\/troubles-de-la-peau\/","name":"Traitement de la peau par radiofr\u00e9quence | F Care Systems","isPartOf":{"@id":"https:\/\/fcaresystems.com\/fr\/#website"},"primaryImageOfPage":{"@id":"https:\/\/fcaresystems.com\/fr\/information-patient\/troubles-de-la-peau\/#primaryimage"},"image":{"@id":"https:\/\/fcaresystems.com\/fr\/information-patient\/troubles-de-la-peau\/#primaryimage"},"thumbnailUrl":"https:\/\/fcaresystems.com\/wp-content\/uploads\/2022\/11\/teaser-patient\u2013skin-disorder.jpg","datePublished":"2022-11-18T12:45:36+00:00","dateModified":"2023-12-20T09:27:51+00:00","description":"D\u00e9couvrez comment l'\u00e9nergie RF est utilis\u00e9e en dermatologie esth\u00e9tique pour traiter les varicosit\u00e9s, les rides, les vergetures, la rosac\u00e9e et bien plus encore !","breadcrumb":{"@id":"https:\/\/fcaresystems.com\/fr\/information-patient\/troubles-de-la-peau\/#breadcrumb"},"inLanguage":"fr-FR","potentialAction":[{"@type":"ReadAction","target":["https:\/\/fcaresystems.com\/fr\/information-patient\/troubles-de-la-peau\/"]}]},{"@type":"ImageObject","inLanguage":"fr-FR","@id":"https:\/\/fcaresystems.com\/fr\/information-patient\/troubles-de-la-peau\/#primaryimage","url":"https:\/\/fcaresystems.com\/wp-content\/uploads\/2022\/11\/teaser-patient\u2013skin-disorder.jpg","contentUrl":"https:\/\/fcaresystems.com\/wp-content\/uploads\/2022\/11\/teaser-patient\u2013skin-disorder.jpg","width":364,"height":188},{"@type":"BreadcrumbList","@id":"https:\/\/fcaresystems.com\/fr\/information-patient\/troubles-de-la-peau\/#breadcrumb","itemListElement":[{"@type":"ListItem","position":1,"name":"Home","item":"https:\/\/fcaresystems.com\/fr\/"},{"@type":"ListItem","position":2,"name":"Information patient","item":"https:\/\/fcaresystems.com\/fr\/information-patient\/"},{"@type":"ListItem","position":3,"name":"Troubles de la peau"}]},{"@type":"WebSite","@id":"https:\/\/fcaresystems.com\/fr\/#website","url":"https:\/\/fcaresystems.com\/fr\/","name":"F Care Systems","description":"","publisher":{"@id":"https:\/\/fcaresystems.com\/fr\/#organization"},"potentialAction":[{"@type":"SearchAction","target":{"@type":"EntryPoint","urlTemplate":"https:\/\/fcaresystems.com\/fr\/?s={search_term_string}"},"query-input":{"@type":"PropertyValueSpecification","valueRequired":true,"valueName":"search_term_string"}}],"inLanguage":"fr-FR"},{"@type":"Organization","@id":"https:\/\/fcaresystems.com\/fr\/#organization","name":"F Care Systems","url":"https:\/\/fcaresystems.com\/fr\/","logo":{"@type":"ImageObject","inLanguage":"fr-FR","@id":"https:\/\/fcaresystems.com\/fr\/#\/schema\/logo\/image\/","url":"https:\/\/fcaresystems.com\/wp-content\/uploads\/2022\/11\/logo-2.svg","contentUrl":"https:\/\/fcaresystems.com\/wp-content\/uploads\/2022\/11\/logo-2.svg","caption":"F Care Systems"},"image":{"@id":"https:\/\/fcaresystems.com\/fr\/#\/schema\/logo\/image\/"}}]}},"_links":{"self":[{"href":"https:\/\/fcaresystems.com\/fr\/wp-json\/wp\/v2\/pages\/7077","targetHints":{"allow":["GET"]}}],"collection":[{"href":"https:\/\/fcaresystems.com\/fr\/wp-json\/wp\/v2\/pages"}],"about":[{"href":"https:\/\/fcaresystems.com\/fr\/wp-json\/wp\/v2\/types\/page"}],"author":[{"embeddable":true,"href":"https:\/\/fcaresystems.com\/fr\/wp-json\/wp\/v2\/users\/1"}],"replies":[{"embeddable":true,"href":"https:\/\/fcaresystems.com\/fr\/wp-json\/wp\/v2\/comments?post=7077"}],"version-history":[{"count":16,"href":"https:\/\/fcaresystems.com\/fr\/wp-json\/wp\/v2\/pages\/7077\/revisions"}],"predecessor-version":[{"id":13072,"href":"https:\/\/fcaresystems.com\/fr\/wp-json\/wp\/v2\/pages\/7077\/revisions\/13072"}],"up":[{"embeddable":true,"href":"https:\/\/fcaresystems.com\/fr\/wp-json\/wp\/v2\/pages\/6416"}],"wp:featuredmedia":[{"embeddable":true,"href":"https:\/\/fcaresystems.com\/fr\/wp-json\/wp\/v2\/media\/5266"}],"wp:attachment":[{"href":"https:\/\/fcaresystems.com\/fr\/wp-json\/wp\/v2\/media?parent=7077"}],"curies":[{"name":"wp","href":"https:\/\/api.w.org\/{rel}","templated":true}]}}