{"id":8103,"date":"2022-11-18T13:45:36","date_gmt":"2022-11-18T12:45:36","guid":{"rendered":"https:\/\/fcaresystems.com\/informacion-al-paciente\/skin-disorders\/"},"modified":"2023-10-04T15:39:34","modified_gmt":"2023-10-04T13:39:34","slug":"trastornos-cutaneos","status":"publish","type":"page","link":"https:\/\/fcaresystems.com\/es\/informacion-al-paciente\/trastornos-cutaneos\/","title":{"rendered":"Trastornos cut\u00e1neos"},"content":{"rendered":"\n<section class=\"wp-block-fcs-core-header is-style-gradient--patient\"><header class=\"c-header c-header-wrapper c-header-wrapper-s\"><figure class=\"c-header-img \"><img decoding=\"async\" src=\"https:\/\/fcaresystems.com\/wp-content\/uploads\/2022\/11\/hero-patient-skin-disorder.jpg\" class=\"c-header-img\"\/><figcaption class=\"c-header-content\"><div class=\"o-container\">\n<div class=\"wp-block-fcs-core-spacer u-padding-sm-lg u-padding-sm\"><\/div>\n\n\n\n<div class=\"wp-block-group c-breadcrumb\"><div class=\"wp-block-group__inner-container is-layout-flow wp-block-group-is-layout-flow\"><span><span><a href=\"https:\/\/fcaresystems.com\/es\/\">Home<\/a><\/span><\/span>\n<\/div><\/div>\n\n\n\n<div class=\"wp-block-fcs-core-spacer u-padding-lg-lg u-padding-md\"><\/div>\n\n\n\n<h1 class=\"wp-block-heading has-white-color has-text-color\">Tratamiento de la piel con energ\u00eda de radiofrecuencia<\/h1>\n<\/div><\/figcaption><\/figure><\/header><\/section>\n\n\n\n<div class=\"wp-block-group has-white-background-color has-background\"><div class=\"wp-block-group__inner-container is-layout-flow wp-block-group-is-layout-flow\">\n<div class=\"wp-block-fcs-core-container o-container\">\n<div class=\"wp-block-fcs-core-spacer u-padding-md-lg u-padding-sm\"><\/div>\n\n\n\n<div class=\"wp-block-columns is-layout-flex wp-container-core-columns-is-layout-9d6595d7 wp-block-columns-is-layout-flex\">\n<div class=\"wp-block-column is-layout-flow wp-block-column-is-layout-flow\" style=\"flex-basis:66.66%\">\n<h2 class=\"wp-block-heading has-quaternary-color has-text-color\">Trastornos cut\u00e1neos<\/h2>\n\n\n\n<p>Algunas personas pueden pensar que la \u00abdermatolog\u00eda cosm\u00e9tica\u00bb comienza y termina con la \u00abcelebridades que se inyectan b\u00f3tox\u00bb; sin embargo abarca todos los tipos de afecciones que pueden afectar de forma significativa a la salud y el bienestar de una persona. Afortunadamente, gracias a los milagros de la medicina moderna, muchos de estos trastornos cut\u00e1neos ahora se pueden tratar sin una costosa cirug\u00eda pl\u00e1stica, por lo que los pacientes pueden volver a tener su mejor aspecto y sentirse mejor.<\/p>\n\n\n\n<p>A continuaci\u00f3n, hemos recopilado algunos de los trastornos cut\u00e1neos m\u00e1s comunes. Siga leyendo para obtener m\u00e1s informaci\u00f3n sobre cada una de ellas. Es posible que se sorprenda al descubrir cu\u00e1ntos de ellos se pueden tratar de forma segura y eficaz con <mark style=\"background-color:rgba(0, 0, 0, 0)\" class=\"has-inline-color has-primary-color\"><a href=\"https:\/\/fcaresystems.com\/es\/termocoagulacion-por-radiofrecuencia\/\">energ\u00eda de radiofrecuencia (RF)<\/a><\/mark> (sin embargo, por motivos de equidad, tambi\u00e9n mencionaremos algunas alternativas).<\/p>\n<\/div>\n\n\n\n<div class=\"wp-block-column is-layout-flow wp-block-column-is-layout-flow\" style=\"flex-basis:33.33%\">\n<div class=\"wp-block-fcs-core-spacer Geen witruimte u-padding-sm\"><\/div>\n\n\n\n<div class=\"wp-block-buttons is-layout-flex wp-block-buttons-is-layout-flex\">\n<div class=\"wp-block-button is-style-download\"><a class=\"wp-block-button__link has-quaternary-background-color has-background wp-element-button\" href=\"https:\/\/fcaresystems.com\/wp-content\/uploads\/2023\/10\/D.PAF_.VIRF_.es_.00.pdf\">Descargar el folleto<\/a><\/div>\n<\/div>\n\n\n\n<div class=\"wp-block-fcs-core-spacer u-padding-sm-lg u-padding-sm\"><\/div>\n\n\n\n<figure class=\"wp-block-image size-large\"><a href=\"https:\/\/youtu.be\/5I7geP1c8TI\" target=\"_blank\" rel=\"noreferrer noopener\"><img loading=\"lazy\" decoding=\"async\" width=\"1024\" height=\"576\" src=\"https:\/\/fcaresystems.com\/wp-content\/uploads\/2023\/01\/Thumbn-Veineo-skin-disorders-1-1024x576.jpg\" alt=\"\" class=\"wp-image-6675\" srcset=\"https:\/\/fcaresystems.com\/wp-content\/uploads\/2023\/01\/Thumbn-Veineo-skin-disorders-1-1024x576.jpg 1024w, https:\/\/fcaresystems.com\/wp-content\/uploads\/2023\/01\/Thumbn-Veineo-skin-disorders-1-300x169.jpg 300w, https:\/\/fcaresystems.com\/wp-content\/uploads\/2023\/01\/Thumbn-Veineo-skin-disorders-1-768x432.jpg 768w, https:\/\/fcaresystems.com\/wp-content\/uploads\/2023\/01\/Thumbn-Veineo-skin-disorders-1.jpg 1280w\" sizes=\"auto, (max-width: 1024px) 100vw, 1024px\" \/><\/a><\/figure>\n<\/div>\n<\/div>\n\n\n\n<div class=\"wp-block-fcs-core-spacer u-padding-md-lg u-padding-sm\"><\/div>\n<\/div>\n\n\n\n<div class=\"wp-block-group has-quaternary-light-background-color has-background\"><div class=\"wp-block-group__inner-container is-layout-flow wp-block-group-is-layout-flow\">\n<div class=\"wp-block-group has-quaternary-light-background-color has-background\"><div class=\"wp-block-group__inner-container is-layout-flow wp-block-group-is-layout-flow\">\n<div class=\"wp-block-fcs-core-container o-container\">\n<div class=\"wp-block-columns is-layout-flex wp-container-core-columns-is-layout-9d6595d7 wp-block-columns-is-layout-flex\">\n<div class=\"wp-block-column is-layout-flow wp-block-column-is-layout-flow\" style=\"flex-basis:33.33%\">\n<div class=\"wp-block-fcs-core-spacer u-padding-md-lg u-padding-sm\"><\/div>\n\n\n\n<figure class=\"wp-block-image size-full\"><img loading=\"lazy\" decoding=\"async\" width=\"364\" height=\"188\" src=\"https:\/\/fcaresystems.com\/wp-content\/uploads\/2022\/11\/patient-skin-disorder-spider-veins.jpg\" alt=\"\" class=\"wp-image-1768\" srcset=\"https:\/\/fcaresystems.com\/wp-content\/uploads\/2022\/11\/patient-skin-disorder-spider-veins.jpg 364w, https:\/\/fcaresystems.com\/wp-content\/uploads\/2022\/11\/patient-skin-disorder-spider-veins-300x155.jpg 300w\" sizes=\"auto, (max-width: 364px) 100vw, 364px\" \/><\/figure>\n<\/div>\n\n\n\n<div class=\"wp-block-column is-layout-flow wp-block-column-is-layout-flow\" style=\"flex-basis:66.66%\">\n<div class=\"wp-block-fcs-core-spacer u-padding-md-lg u-padding-sm\"><\/div>\n\n\n\n<h2 class=\"wp-block-heading has-quaternary-color has-text-color\">Ara\u00f1as vasculares<\/h2>\n\n\n\n<h3 class=\"wp-block-heading has-quaternary-color has-text-color\">\u00bfCu\u00e1les son sus causas?<\/h3>\n\n\n\n<p>Las venas tienen v\u00e1lvulas unidireccionales diminutas en su interior para regular el flujo sangu\u00edneo; cuando estas v\u00e1lvulas se debilitan o da\u00f1an, la sangre no puede fluir correctamente, por lo que se acumula dentro de la vena. Para muchas personas, van acompa\u00f1adas de<mark style=\"background-color:rgba(0, 0, 0, 0)\" class=\"has-inline-color has-primary-color\"><a href=\"https:\/\/fcaresystems.com\/es\/informacion-al-paciente\/venas-varicosas\/\"> venas varicosas<\/a><\/mark>: tienen el mismo principio b\u00e1sico, pero en venas m\u00e1s grandes (normalmente en las piernas y los pies).<\/p>\n<\/div>\n<\/div>\n\n\n\n<div class=\"wp-block-fcs-core-spacer u-padding-xxs-lg u-padding-sm\"><\/div>\n\n\n\n<div class=\"wp-block-columns is-layout-flex wp-container-core-columns-is-layout-9d6595d7 wp-block-columns-is-layout-flex\">\n<div class=\"wp-block-column is-layout-flow wp-block-column-is-layout-flow\" style=\"flex-basis:33.33%\"><\/div>\n\n\n\n<div class=\"wp-block-column is-layout-flow wp-block-column-is-layout-flow\" style=\"flex-basis:66.66%\">\n<h3 class=\"wp-block-heading has-quaternary-color has-text-color\">\u00bfSe pueden prevenir?<\/h3>\n\n\n\n<p>Algunas personas son gen\u00e9ticamente m\u00e1s propensas a sufrir ara\u00f1as vasculares que otras (es m\u00e1s probable que las padezca si tiene antecedentes familiares), pero a\u00fan puede tomar medidas para reducir su riesgo. Por ejemplo, las personas de piel clara suelen desarrollar ara\u00f1as vasculares en zonas con da\u00f1os cr\u00f3nicos provocados por el sol, por lo que debe proteger su piel con protector solar o ropa cuando est\u00e9 al aire libre. Cualquier cosa que cause enrojecimiento (temperaturas extremas, irritaci\u00f3n de la piel, alimentos picantes, consumo excesivo de alcohol) puede aumentar potencialmente el riesgo de sufrir ara\u00f1as vasculares en la cara. En cuanto a las ara\u00f1as vasculares de las piernas, son similares a las venas varicosas m\u00e1s grandes: estar sentado o de pie durante largos periodos puede empeorarlas, al igual que cualquier afecci\u00f3n que produzca una presi\u00f3n adicional en los vasos sangu\u00edneos (por ejemplo, la obesidad).<\/p>\n<\/div>\n<\/div>\n\n\n\n<div class=\"wp-block-fcs-core-spacer u-padding-xxs-lg u-padding-sm\"><\/div>\n\n\n\n<div class=\"wp-block-columns is-layout-flex wp-container-core-columns-is-layout-9d6595d7 wp-block-columns-is-layout-flex\">\n<div class=\"wp-block-column is-layout-flow wp-block-column-is-layout-flow\" style=\"flex-basis:33.33%\"><\/div>\n\n\n\n<div class=\"wp-block-column is-layout-flow wp-block-column-is-layout-flow\" style=\"flex-basis:66.66%\">\n<h3 class=\"wp-block-heading has-quaternary-color has-text-color\">C\u00f3mo puede ayudar el tratamiento con RF<\/h3>\n\n\n\n<p>La<mark style=\"background-color:rgba(0, 0, 0, 0)\" class=\"has-inline-color has-primary-color\"> <a href=\"https:\/\/fcaresystems.com\/es\/termocoagulacion-por-radiofrecuencia\/\">termocoagulaci\u00f3n por radiofrecuencia<\/a><\/mark> es una de las formas m\u00e1s seguras y eficaces de tratar las ara\u00f1as vasculares. El m\u00e9dico inserta una <mark style=\"background-color:rgba(0, 0, 0, 0)\" class=\"has-inline-color has-primary-color\"><a href=\"https:\/\/fcaresystems.com\/es\/productos\/consumibles\/agujas-de-radiofrecuencia\/\">peque\u00f1a aguja <\/a><\/mark>en la ara\u00f1a vascular y aplica energ\u00eda de RF dirigida, lo que hace que las paredes de la vena se colapse e indica al cuerpo que redirija la sangre hacia venas sanas.<\/p>\n<\/div>\n<\/div>\n\n\n\n<div class=\"wp-block-fcs-core-spacer u-padding-xxs-lg u-padding-sm\"><\/div>\n\n\n\n<div class=\"wp-block-columns is-layout-flex wp-container-core-columns-is-layout-9d6595d7 wp-block-columns-is-layout-flex\">\n<div class=\"wp-block-column is-style-default is-layout-flow wp-block-column-is-layout-flow\" style=\"flex-basis:33.33%\"><\/div>\n\n\n\n<div class=\"wp-block-column is-layout-flow wp-block-column-is-layout-flow\" style=\"flex-basis:66.66%\">\n<h3 class=\"wp-block-heading has-quaternary-color has-text-color\">Otras alternativas<\/h3>\n\n\n\n<p>Otros dos tratamientos habituales para las ara\u00f1as vasculares son la escleroterapia (inyectar un producto qu\u00edmico en las venas para que se colapsen) y el tratamiento con l\u00e1ser. Hable con su m\u00e9dico para saber qu\u00e9 opci\u00f3n ser\u00eda la mas adecuada para usted.<\/p>\n<\/div>\n<\/div>\n\n\n\n<div class=\"wp-block-fcs-core-spacer u-padding-md-lg u-padding-md\"><\/div>\n<\/div>\n<\/div><\/div>\n\n\n\n<div class=\"wp-block-group has-white-background-color has-background\"><div class=\"wp-block-group__inner-container is-layout-flow wp-block-group-is-layout-flow\">\n<div class=\"wp-block-fcs-core-container o-container\">\n<div class=\"wp-block-columns is-layout-flex wp-container-core-columns-is-layout-9d6595d7 wp-block-columns-is-layout-flex\">\n<div class=\"wp-block-column is-layout-flow wp-block-column-is-layout-flow\" style=\"flex-basis:33.33%\">\n<div class=\"wp-block-fcs-core-spacer u-padding-md-lg u-padding-sm\"><\/div>\n\n\n\n<figure class=\"wp-block-image size-full\"><img loading=\"lazy\" decoding=\"async\" width=\"364\" height=\"188\" src=\"https:\/\/fcaresystems.com\/wp-content\/uploads\/2022\/11\/patient-skin-disorder-rosacea.jpg\" alt=\"\" class=\"wp-image-1766\" srcset=\"https:\/\/fcaresystems.com\/wp-content\/uploads\/2022\/11\/patient-skin-disorder-rosacea.jpg 364w, https:\/\/fcaresystems.com\/wp-content\/uploads\/2022\/11\/patient-skin-disorder-rosacea-300x155.jpg 300w\" sizes=\"auto, (max-width: 364px) 100vw, 364px\" \/><\/figure>\n<\/div>\n\n\n\n<div class=\"wp-block-column is-layout-flow wp-block-column-is-layout-flow\" style=\"flex-basis:66.66%\">\n<div class=\"wp-block-fcs-core-spacer u-padding-md-lg u-padding-sm\"><\/div>\n\n\n\n<h2 class=\"wp-block-heading has-quaternary-color has-text-color\">Ros\u00e1cea<\/h2>\n\n\n\n<h3 class=\"wp-block-heading has-quaternary-color has-text-color\">\u00bfCu\u00e1les son sus causas?<\/h3>\n\n\n\n<p>La ros\u00e1cea es una afecci\u00f3n poco conocida y que a menudo se confunde con otras enfermedades de la piel, como el acn\u00e9, la psoriasis y las reacciones al\u00e9rgicas. Los cient\u00edficos tampoco no est\u00e1n seguros de la causa de su desarrollo; los posibles factores van desde la gen\u00e9tica hasta los desencadenantes ambientales y un cierto tipo de \u00e1caro en la piel. Cualquiera puede desarrollarla, aunque es m\u00e1s habitual en mujeres de entre 30 y 50&nbsp;a\u00f1os con piel clara.<\/p>\n<\/div>\n<\/div>\n\n\n\n<div class=\"wp-block-fcs-core-spacer u-padding-xxs-lg u-padding-sm\"><\/div>\n\n\n\n<div class=\"wp-block-columns is-layout-flex wp-container-core-columns-is-layout-9d6595d7 wp-block-columns-is-layout-flex\">\n<div class=\"wp-block-column is-layout-flow wp-block-column-is-layout-flow\" style=\"flex-basis:33.33%\"><\/div>\n\n\n\n<div class=\"wp-block-column is-layout-flow wp-block-column-is-layout-flow\" style=\"flex-basis:66.66%\">\n<h3 class=\"wp-block-heading has-quaternary-color has-text-color\">\u00bfSe pueden prevenir?<\/h3>\n\n\n\n<p>Sin una mejor comprensi\u00f3n de las causas de la ros\u00e1cea, es dif\u00edcil saber c\u00f3mo prevenirla. Las personas que padecen ros\u00e1cea pueden evitar las erupciones manteniendo un diario de lo que las desencadena (por ejemplo, comida picante, sol, estr\u00e9s, viento y fr\u00edo, alcohol, productos espec\u00edficos para el cuidado de la piel).<\/p>\n<\/div>\n<\/div>\n\n\n\n<div class=\"wp-block-fcs-core-spacer u-padding-xxs-lg u-padding-sm\"><\/div>\n\n\n\n<div class=\"wp-block-columns is-layout-flex wp-container-core-columns-is-layout-9d6595d7 wp-block-columns-is-layout-flex\">\n<div class=\"wp-block-column is-layout-flow wp-block-column-is-layout-flow\" style=\"flex-basis:33.33%\"><\/div>\n\n\n\n<div class=\"wp-block-column is-layout-flow wp-block-column-is-layout-flow\" style=\"flex-basis:66.66%\">\n<h3 class=\"wp-block-heading has-quaternary-color has-text-color\">C\u00f3mo puede ayudar el tratamiento con RF<\/h3>\n\n\n\n<p>Se ha demostrado que el tratamiento por radiofrecuencia proporciona un alivio duradero al dirigirse a los vasos sangu\u00edneos situados justo debajo de la piel que causan el enrojecimiento.<\/p>\n<\/div>\n<\/div>\n\n\n\n<div class=\"wp-block-fcs-core-spacer u-padding-xxs-lg u-padding-sm\"><\/div>\n\n\n\n<div class=\"wp-block-columns is-layout-flex wp-container-core-columns-is-layout-9d6595d7 wp-block-columns-is-layout-flex\">\n<div class=\"wp-block-column is-layout-flow wp-block-column-is-layout-flow\" style=\"flex-basis:33.33%\"><\/div>\n\n\n\n<div class=\"wp-block-column is-layout-flow wp-block-column-is-layout-flow\" style=\"flex-basis:66.66%\">\n<h3 class=\"wp-block-heading has-quaternary-color has-text-color\">Otras alternativas<\/h3>\n\n\n\n<p>El tratamiento para la ros\u00e1cea se centra en los s\u00edntomas, por lo que el tratamiento ideal var\u00eda de un paciente a otro. Los ejemplos incluyen antibi\u00f3ticos orales o t\u00f3picos, medicamentos vasoconstrictores o tratamientos para el acn\u00e9 con receta m\u00e9dica.<\/p>\n<\/div>\n<\/div>\n\n\n\n<div class=\"wp-block-fcs-core-spacer u-padding-md-lg u-padding-md\"><\/div>\n<\/div>\n<\/div><\/div>\n\n\n\n<div class=\"wp-block-group has-quaternary-light-background-color has-background\"><div class=\"wp-block-group__inner-container is-layout-flow wp-block-group-is-layout-flow\">\n<div class=\"wp-block-fcs-core-container o-container\">\n<div class=\"wp-block-columns is-layout-flex wp-container-core-columns-is-layout-9d6595d7 wp-block-columns-is-layout-flex\">\n<div class=\"wp-block-column is-layout-flow wp-block-column-is-layout-flow\" style=\"flex-basis:33.33%\">\n<div class=\"wp-block-fcs-core-spacer u-padding-md-lg u-padding-sm\"><\/div>\n\n\n\n<figure class=\"wp-block-image size-full\"><img loading=\"lazy\" decoding=\"async\" width=\"364\" height=\"188\" src=\"https:\/\/fcaresystems.com\/wp-content\/uploads\/2022\/11\/patient-skin-disorder-stretch-marks.jpg\" alt=\"\" class=\"wp-image-1769\" srcset=\"https:\/\/fcaresystems.com\/wp-content\/uploads\/2022\/11\/patient-skin-disorder-stretch-marks.jpg 364w, https:\/\/fcaresystems.com\/wp-content\/uploads\/2022\/11\/patient-skin-disorder-stretch-marks-300x155.jpg 300w\" sizes=\"auto, (max-width: 364px) 100vw, 364px\" \/><\/figure>\n<\/div>\n\n\n\n<div class=\"wp-block-column is-layout-flow wp-block-column-is-layout-flow\" style=\"flex-basis:66.66%\">\n<div class=\"wp-block-fcs-core-spacer u-padding-md-lg u-padding-sm\"><\/div>\n\n\n\n<h2 class=\"wp-block-heading has-quaternary-color has-text-color\">Estr\u00edas<\/h2>\n\n\n\n<h3 class=\"wp-block-heading has-quaternary-color has-text-color\">\u00bfCu\u00e1les son sus causas?<\/h3>\n\n\n\n<p>Las estr\u00edas son un tipo de cicatriz que se produce cuando nuestra piel se estira o encoge de forma muy r\u00e1pida, lo que provoca que las prote\u00ednas que contiene (col\u00e1geno y elastina) se desgarren. Por lo general, suelen producirse cuando una persona pierde mucho peso, est\u00e1 embarazada o simplemente crece.<\/p>\n<\/div>\n<\/div>\n\n\n\n<div class=\"wp-block-fcs-core-spacer u-padding-xxs-lg u-padding-sm\"><\/div>\n\n\n\n<div class=\"wp-block-columns is-layout-flex wp-container-core-columns-is-layout-9d6595d7 wp-block-columns-is-layout-flex\">\n<div class=\"wp-block-column is-layout-flow wp-block-column-is-layout-flow\" style=\"flex-basis:33.33%\"><\/div>\n\n\n\n<div class=\"wp-block-column is-layout-flow wp-block-column-is-layout-flow\" style=\"flex-basis:66.66%\">\n<h3 class=\"wp-block-heading has-quaternary-color has-text-color\">\u00bfSe pueden prevenir?<\/h3>\n\n\n\n<p>Aunque las estr\u00edas son parcialmente una cuesti\u00f3n gen\u00e9tica, todo lo que pueda hacer para mantener su piel sana y flexible ayudar\u00e1 a prevenir o minimizar las estr\u00edas. Beber mucha agua, recibir una cantidad suficiente de vitamina C (un antioxidante) y hacer ejercicio (para mejorar la circulaci\u00f3n) pueden ser beneficiosos.<\/p>\n<\/div>\n<\/div>\n\n\n\n<div class=\"wp-block-fcs-core-spacer u-padding-xxs-lg u-padding-sm\"><\/div>\n\n\n\n<div class=\"wp-block-columns is-layout-flex wp-container-core-columns-is-layout-9d6595d7 wp-block-columns-is-layout-flex\">\n<div class=\"wp-block-column is-layout-flow wp-block-column-is-layout-flow\" style=\"flex-basis:33.33%\"><\/div>\n\n\n\n<div class=\"wp-block-column is-layout-flow wp-block-column-is-layout-flow\" style=\"flex-basis:66.66%\">\n<h3 class=\"wp-block-heading has-quaternary-color has-text-color\">C\u00f3mo puede ayudar el tratamiento con RF<\/h3>\n\n\n\n<p>El tratamiento con RF estimula la producci\u00f3n de col\u00e1geno, lo que, en esencia, estimula la curaci\u00f3n de la piel. La ventaja de la energ\u00eda de radiofrecuencia es que es muy precisa, por lo que no hay riesgo de da\u00f1ar la piel circundante.<\/p>\n<\/div>\n<\/div>\n\n\n\n<div class=\"wp-block-fcs-core-spacer u-padding-xxs-lg u-padding-sm\"><\/div>\n\n\n\n<div class=\"wp-block-columns is-layout-flex wp-container-core-columns-is-layout-9d6595d7 wp-block-columns-is-layout-flex\">\n<div class=\"wp-block-column is-layout-flow wp-block-column-is-layout-flow\" style=\"flex-basis:33.33%\"><\/div>\n\n\n\n<div class=\"wp-block-column is-layout-flow wp-block-column-is-layout-flow\" style=\"flex-basis:66.66%\">\n<h3 class=\"wp-block-heading has-quaternary-color has-text-color\">Otras alternativas<\/h3>\n\n\n\n<p>Existen innumerables cremas y pomadas en el mercado que afirman eliminar las estr\u00edas, pero el usuario debe tener cuidado: muchas de ellas no funcionan. Una excepci\u00f3n notable: los estudios han demostrado que las estr\u00edas m\u00e1s claras y recientes suelen responder a las cremas que contienen retinol.<\/p>\n<\/div>\n<\/div>\n\n\n\n<div class=\"wp-block-fcs-core-spacer u-padding-md-lg u-padding-md\"><\/div>\n<\/div>\n<\/div><\/div>\n\n\n\n<div class=\"wp-block-group has-white-background-color has-background\"><div class=\"wp-block-group__inner-container is-layout-flow wp-block-group-is-layout-flow\">\n<div class=\"wp-block-fcs-core-container o-container\">\n<div class=\"wp-block-columns is-layout-flex wp-container-core-columns-is-layout-9d6595d7 wp-block-columns-is-layout-flex\">\n<div class=\"wp-block-column is-layout-flow wp-block-column-is-layout-flow\" style=\"flex-basis:33.33%\">\n<div class=\"wp-block-fcs-core-spacer u-padding-md-lg u-padding-sm\"><\/div>\n\n\n\n<figure class=\"wp-block-image size-full\"><img loading=\"lazy\" decoding=\"async\" width=\"364\" height=\"188\" src=\"https:\/\/fcaresystems.com\/wp-content\/uploads\/2022\/11\/patient-skin-disorder-cherry-angiomas.jpg\" alt=\"\" class=\"wp-image-1764\" srcset=\"https:\/\/fcaresystems.com\/wp-content\/uploads\/2022\/11\/patient-skin-disorder-cherry-angiomas.jpg 364w, https:\/\/fcaresystems.com\/wp-content\/uploads\/2022\/11\/patient-skin-disorder-cherry-angiomas-300x155.jpg 300w\" sizes=\"auto, (max-width: 364px) 100vw, 364px\" \/><\/figure>\n<\/div>\n\n\n\n<div class=\"wp-block-column is-layout-flow wp-block-column-is-layout-flow\" style=\"flex-basis:66.66%\">\n<div class=\"wp-block-fcs-core-spacer u-padding-md-lg u-padding-sm\"><\/div>\n\n\n\n<h2 class=\"wp-block-heading has-quaternary-color has-text-color\">Angiomas de cereza<\/h2>\n\n\n\n<h3 class=\"wp-block-heading has-quaternary-color has-text-color\">\u00bfCu\u00e1les son sus causas?<\/h3>\n\n\n\n<p>Los angiomas de cereza (lunares rojos) pueden desarrollarse en casi cualquier parte del cuerpo y los cient\u00edficos no est\u00e1n completamente seguros de cu\u00e1l es la causa. Son bastante habituales, especialmente en personas mayores de 30&nbsp;a\u00f1os. De hecho, alrededor del 75&nbsp;% de las personas mayores de 75&nbsp;a\u00f1os tienen al menos uno.<\/p>\n<\/div>\n<\/div>\n\n\n\n<div class=\"wp-block-fcs-core-spacer u-padding-xxs-lg u-padding-sm\"><\/div>\n\n\n\n<div class=\"wp-block-columns is-layout-flex wp-container-core-columns-is-layout-9d6595d7 wp-block-columns-is-layout-flex\">\n<div class=\"wp-block-column is-layout-flow wp-block-column-is-layout-flow\" style=\"flex-basis:33.33%\"><\/div>\n\n\n\n<div class=\"wp-block-column is-layout-flow wp-block-column-is-layout-flow\" style=\"flex-basis:66.66%\">\n<h3 class=\"wp-block-heading has-quaternary-color has-text-color\">\u00bfSe pueden prevenir?<\/h3>\n\n\n\n<p>Sin saber qu\u00e9 los causa, es dif\u00edcil saber c\u00f3mo prevenirlos. Afortunadamente, no son peligrosos, aunque ciertamente pueden ser molestos, sobre todo si est\u00e1n ubicados en un lugar que roza con la ropa.<\/p>\n<\/div>\n<\/div>\n\n\n\n<div class=\"wp-block-fcs-core-spacer u-padding-xxs-lg u-padding-sm\"><\/div>\n\n\n\n<div class=\"wp-block-columns is-layout-flex wp-container-core-columns-is-layout-9d6595d7 wp-block-columns-is-layout-flex\">\n<div class=\"wp-block-column is-layout-flow wp-block-column-is-layout-flow\" style=\"flex-basis:33.33%\"><\/div>\n\n\n\n<div class=\"wp-block-column is-layout-flow wp-block-column-is-layout-flow\" style=\"flex-basis:66.66%\">\n<h3 class=\"wp-block-heading has-quaternary-color has-text-color\">C\u00f3mo puede ayudar el tratamiento con RF<\/h3>\n\n\n\n<p>Los angiomas de cereza son tumores benignos formados por vasos sangu\u00edneos, por lo que la termocoagulaci\u00f3n por RF es una buena opci\u00f3n. El m\u00e9dico perfora el angioma con una <mark style=\"background-color:rgba(0, 0, 0, 0)\" class=\"has-inline-color has-primary-color\"><a href=\"https:\/\/fcaresystems.com\/es\/productos\/consumibles\/agujas-de-radiofrecuencia\/\">aguja<\/a><\/mark> muy fina y aplica energ\u00eda de RF, lo que hace que las paredes de los vasos sangu\u00edneos se colapsen eliminando el angioma.<\/p>\n<\/div>\n<\/div>\n\n\n\n<div class=\"wp-block-fcs-core-spacer u-padding-xxs-lg u-padding-sm\"><\/div>\n\n\n\n<div class=\"wp-block-columns is-layout-flex wp-container-core-columns-is-layout-9d6595d7 wp-block-columns-is-layout-flex\">\n<div class=\"wp-block-column is-layout-flow wp-block-column-is-layout-flow\" style=\"flex-basis:33.33%\"><\/div>\n\n\n\n<div class=\"wp-block-column is-layout-flow wp-block-column-is-layout-flow\" style=\"flex-basis:66.66%\">\n<h3 class=\"wp-block-heading has-quaternary-color has-text-color\">Otras alternativas<\/h3>\n\n\n\n<p>Los angiomas de cereza tambi\u00e9n pueden congelarse (con nitr\u00f3geno l\u00edquido), quemarse (con un l\u00e1ser) o recortarse (con una cuchilla fina). Hay que evitar quitarlos uno mismo, ya que es probable que sangran.<\/p>\n<\/div>\n<\/div>\n\n\n\n<div class=\"wp-block-fcs-core-spacer u-padding-md-lg u-padding-md\"><\/div>\n<\/div>\n<\/div><\/div>\n\n\n\n<div class=\"wp-block-group has-quaternary-light-background-color has-background\"><div class=\"wp-block-group__inner-container is-layout-flow wp-block-group-is-layout-flow\">\n<div class=\"wp-block-fcs-core-container o-container\">\n<div class=\"wp-block-columns is-layout-flex wp-container-core-columns-is-layout-9d6595d7 wp-block-columns-is-layout-flex\">\n<div class=\"wp-block-column is-layout-flow wp-block-column-is-layout-flow\" style=\"flex-basis:33.33%\">\n<div class=\"wp-block-fcs-core-spacer u-padding-md-lg u-padding-sm\"><\/div>\n\n\n\n<figure class=\"wp-block-image size-full\"><img loading=\"lazy\" decoding=\"async\" width=\"364\" height=\"188\" src=\"https:\/\/fcaresystems.com\/wp-content\/uploads\/2022\/11\/patient-skin-disorder-fibromas.jpg\" alt=\"\" class=\"wp-image-1765\" srcset=\"https:\/\/fcaresystems.com\/wp-content\/uploads\/2022\/11\/patient-skin-disorder-fibromas.jpg 364w, https:\/\/fcaresystems.com\/wp-content\/uploads\/2022\/11\/patient-skin-disorder-fibromas-300x155.jpg 300w\" sizes=\"auto, (max-width: 364px) 100vw, 364px\" \/><\/figure>\n<\/div>\n\n\n\n<div class=\"wp-block-column is-layout-flow wp-block-column-is-layout-flow\" style=\"flex-basis:66.66%\">\n<div class=\"wp-block-fcs-core-spacer u-padding-md-lg u-padding-sm\"><\/div>\n\n\n\n<h2 class=\"wp-block-heading has-quaternary-color has-text-color\"><strong>Fibromas<\/strong><\/h2>\n\n\n\n<h3 class=\"wp-block-heading has-quaternary-color has-text-color\">\u00bfCu\u00e1les son sus causas?<\/h3>\n\n\n\n<p>Las fibromas son tumores benignos (no cancerosos) de tejido conectivo. Cualquiera puede padecerlos, pero son m\u00e1s comunes en personas de 20 a 49&nbsp;a\u00f1os, y son dos veces m\u00e1s habituales en mujeres que en hombres. Alrededor del 20&nbsp;% de las personas que los desarrollaron ten\u00edan previamente una herida en la que se form\u00f3 el fibroma, pero a menudo se desarrollan sin motivo aparente.<\/p>\n<\/div>\n<\/div>\n\n\n\n<div class=\"wp-block-fcs-core-spacer u-padding-xxs-lg u-padding-sm\"><\/div>\n\n\n\n<div class=\"wp-block-columns is-layout-flex wp-container-core-columns-is-layout-9d6595d7 wp-block-columns-is-layout-flex\">\n<div class=\"wp-block-column is-layout-flow wp-block-column-is-layout-flow\" style=\"flex-basis:33.33%\"><\/div>\n\n\n\n<div class=\"wp-block-column is-layout-flow wp-block-column-is-layout-flow\" style=\"flex-basis:66.66%\">\n<h3 class=\"wp-block-heading has-quaternary-color has-text-color\">\u00bfSe pueden prevenir?<\/h3>\n\n\n\n<p>No existe una forma conocida de prevenir los fibromas, pero por suerte, no son peligrosos. Puede que ni siquiera necesiten tratamiento, salvo que causen molestias (normalmente dolor o picor).<\/p>\n<\/div>\n<\/div>\n\n\n\n<div class=\"wp-block-fcs-core-spacer u-padding-xxs-lg u-padding-sm\"><\/div>\n\n\n\n<div class=\"wp-block-columns is-layout-flex wp-container-core-columns-is-layout-9d6595d7 wp-block-columns-is-layout-flex\">\n<div class=\"wp-block-column is-layout-flow wp-block-column-is-layout-flow\" style=\"flex-basis:33.33%\"><\/div>\n\n\n\n<div class=\"wp-block-column is-layout-flow wp-block-column-is-layout-flow\" style=\"flex-basis:66.66%\">\n<h3 class=\"wp-block-heading has-quaternary-color has-text-color\">C\u00f3mo puede ayudar el tratamiento con RF<\/h3>\n\n\n\n<p>Su m\u00e9dico puede eliminar el fibroma recort\u00e1ndolo suavemente con una <mark style=\"background-color:rgba(0, 0, 0, 0)\" class=\"has-inline-color has-primary-color\"><a href=\"https:\/\/fcaresystems.com\/es\/productos\/consumibles\/agujas-de-radiofrecuencia\/\">aguja de radiofrecuencia<\/a><\/mark> muy fina. Suele ser indoloro y solo tarda unos minutos.<\/p>\n<\/div>\n<\/div>\n\n\n\n<div class=\"wp-block-fcs-core-spacer u-padding-xxs-lg u-padding-sm\"><\/div>\n\n\n\n<div class=\"wp-block-columns is-layout-flex wp-container-core-columns-is-layout-9d6595d7 wp-block-columns-is-layout-flex\">\n<div class=\"wp-block-column is-layout-flow wp-block-column-is-layout-flow\" style=\"flex-basis:33.33%\"><\/div>\n\n\n\n<div class=\"wp-block-column is-layout-flow wp-block-column-is-layout-flow\" style=\"flex-basis:66.66%\">\n<h3 class=\"wp-block-heading has-quaternary-color has-text-color\">Otras alternativas<\/h3>\n\n\n\n<p>Las fibromas tambi\u00e9n se pueden tratar con inyecciones de esteroides. En algunos casos, desaparecen por s\u00ed solos.<\/p>\n<\/div>\n<\/div>\n\n\n\n<div class=\"wp-block-fcs-core-spacer u-padding-md-lg u-padding-md\"><\/div>\n<\/div>\n<\/div><\/div>\n\n\n\n<div class=\"wp-block-group has-white-background-color has-background\"><div class=\"wp-block-group__inner-container is-layout-flow wp-block-group-is-layout-flow\">\n<div class=\"wp-block-fcs-core-container o-container\">\n<div class=\"wp-block-columns is-layout-flex wp-container-core-columns-is-layout-9d6595d7 wp-block-columns-is-layout-flex\">\n<div class=\"wp-block-column is-layout-flow wp-block-column-is-layout-flow\" style=\"flex-basis:33.33%\">\n<div class=\"wp-block-fcs-core-spacer u-padding-md-lg u-padding-sm\"><\/div>\n\n\n\n<figure class=\"wp-block-image size-full\"><img loading=\"lazy\" decoding=\"async\" width=\"364\" height=\"188\" src=\"https:\/\/fcaresystems.com\/wp-content\/uploads\/2022\/11\/patient-skin-disorder-wrinkles.jpg\" alt=\"\" class=\"wp-image-1770\" srcset=\"https:\/\/fcaresystems.com\/wp-content\/uploads\/2022\/11\/patient-skin-disorder-wrinkles.jpg 364w, https:\/\/fcaresystems.com\/wp-content\/uploads\/2022\/11\/patient-skin-disorder-wrinkles-300x155.jpg 300w\" sizes=\"auto, (max-width: 364px) 100vw, 364px\" \/><\/figure>\n<\/div>\n\n\n\n<div class=\"wp-block-column is-layout-flow wp-block-column-is-layout-flow\" style=\"flex-basis:66.66%\">\n<div class=\"wp-block-fcs-core-spacer u-padding-md-lg u-padding-sm\"><\/div>\n\n\n\n<h2 class=\"wp-block-heading has-quaternary-color has-text-color\">Arrugas<\/h2>\n\n\n\n<h3 class=\"wp-block-heading has-quaternary-color has-text-color\">\u00bfCu\u00e1les son sus causas?<\/h3>\n\n\n\n<p>Algunas arrugas son causadas por una p\u00e9rdida de volumen debajo de la piel, lo que hace que esta se hunda; otras se producen porque la piel ya no puede \u00abvolver a su sitio\u00bb tan f\u00e1cilmente (por ejemplo, l\u00edneas de expresi\u00f3n). Ambos casos est\u00e1n causados principalmente por el proceso de envejecimiento natural, por lo que el \u00abtratamiento antienvejecimiento\u00bb y el \u00abtratamiento de las arrugas\u00bb son pr\u00e1cticamente sin\u00f3nimos.<\/p>\n<\/div>\n<\/div>\n\n\n\n<div class=\"wp-block-fcs-core-spacer u-padding-xxs-lg u-padding-sm\"><\/div>\n\n\n\n<div class=\"wp-block-columns is-layout-flex wp-container-core-columns-is-layout-9d6595d7 wp-block-columns-is-layout-flex\">\n<div class=\"wp-block-column is-layout-flow wp-block-column-is-layout-flow\" style=\"flex-basis:33.33%\"><\/div>\n\n\n\n<div class=\"wp-block-column is-layout-flow wp-block-column-is-layout-flow\" style=\"flex-basis:66.66%\">\n<h3 class=\"wp-block-heading has-quaternary-color has-text-color\">\u00bfSe pueden prevenir?<\/h3>\n\n\n\n<p>Desafortunadamente, las fuentes de la juventud eterna escasean, pero s\u00ed que existen formas de evitar la aceleraci\u00f3n del proceso de envejecimiento. Para empezar: no fume, proteja su piel del sol, beba mucha agua y utilice una crema hidratante de calidad.<\/p>\n<\/div>\n<\/div>\n\n\n\n<div class=\"wp-block-fcs-core-spacer u-padding-xxs-lg u-padding-sm\"><\/div>\n\n\n\n<div class=\"wp-block-columns is-layout-flex wp-container-core-columns-is-layout-9d6595d7 wp-block-columns-is-layout-flex\">\n<div class=\"wp-block-column is-layout-flow wp-block-column-is-layout-flow\" style=\"flex-basis:33.33%\"><\/div>\n\n\n\n<div class=\"wp-block-column is-layout-flow wp-block-column-is-layout-flow\" style=\"flex-basis:66.66%\">\n<h3 class=\"wp-block-heading has-quaternary-color has-text-color\">C\u00f3mo puede ayudar el tratamiento con RF<\/h3>\n\n\n\n<p>La energ\u00eda de radiofrecuencia penetra m\u00e1s all\u00e1 de la capa superior de la piel (la epidermis) y en las capas m\u00e1s profundas (la dermis). Su energ\u00eda crea calor, lo que desencadena los procesos regenerativos naturales del cuerpo y hace que produzca m\u00e1s col\u00e1geno (una prote\u00edna que ayuda a mantener la piel firme e hidratada). El efecto de \u00abestiramiento\u00bb resultante puede durar desde unos pocos meses hasta unos pocos a\u00f1os.<\/p>\n<\/div>\n<\/div>\n\n\n\n<div class=\"wp-block-fcs-core-spacer u-padding-xxs-lg u-padding-sm\"><\/div>\n\n\n\n<div class=\"wp-block-columns is-layout-flex wp-container-core-columns-is-layout-9d6595d7 wp-block-columns-is-layout-flex\">\n<div class=\"wp-block-column is-layout-flow wp-block-column-is-layout-flow\" style=\"flex-basis:33.33%\"><\/div>\n\n\n\n<div class=\"wp-block-column is-layout-flow wp-block-column-is-layout-flow\" style=\"flex-basis:66.66%\">\n<h3 class=\"wp-block-heading has-quaternary-color has-text-color\">Otras alternativas<\/h3>\n\n\n\n<p>Rellenos d\u00e9rmicos, peeling qu\u00edmico, estiramientos faciales, cremas para las arrugas, b\u00f3tox\u2026 \u00a1La lista es interminable!<\/p>\n<\/div>\n<\/div>\n\n\n\n<div class=\"wp-block-fcs-core-spacer u-padding-md-lg u-padding-md\"><\/div>\n<\/div>\n<\/div><\/div>\n\n\n\n<div class=\"wp-block-group has-quaternary-light-background-color has-background\"><div class=\"wp-block-group__inner-container is-layout-flow wp-block-group-is-layout-flow\">\n<div class=\"wp-block-fcs-core-container o-container\">\n<div class=\"wp-block-columns is-layout-flex wp-container-core-columns-is-layout-9d6595d7 wp-block-columns-is-layout-flex\">\n<div class=\"wp-block-column is-layout-flow wp-block-column-is-layout-flow\" style=\"flex-basis:33.33%\">\n<div class=\"wp-block-fcs-core-spacer u-padding-md-lg u-padding-sm\"><\/div>\n\n\n\n<figure class=\"wp-block-image size-full\"><img loading=\"lazy\" decoding=\"async\" width=\"364\" height=\"188\" src=\"https:\/\/fcaresystems.com\/wp-content\/uploads\/2023\/02\/patient-skin-disorder-skin-tag_366x188.jpg\" alt=\"\" class=\"wp-image-9601\" srcset=\"https:\/\/fcaresystems.com\/wp-content\/uploads\/2023\/02\/patient-skin-disorder-skin-tag_366x188.jpg 364w, https:\/\/fcaresystems.com\/wp-content\/uploads\/2023\/02\/patient-skin-disorder-skin-tag_366x188-300x155.jpg 300w\" sizes=\"auto, (max-width: 364px) 100vw, 364px\" \/><\/figure>\n<\/div>\n\n\n\n<div class=\"wp-block-column is-layout-flow wp-block-column-is-layout-flow\" style=\"flex-basis:66.66%\">\n<div class=\"wp-block-fcs-core-spacer u-padding-md-lg u-padding-sm\"><\/div>\n\n\n\n<h2 class=\"wp-block-heading has-quaternary-color has-text-color\">Papilomas cut\u00e1neos<\/h2>\n\n\n\n<h3 class=\"wp-block-heading has-quaternary-color has-text-color\">\u00bfCu\u00e1les son sus causas?<\/h3>\n\n\n\n<p>Los papilomas cut\u00e1neos son el resultado del crecimiento de c\u00e9lulas adicionales en las capas superiores de la piel. Algunas personas est\u00e1n gen\u00e9ticamente m\u00e1s predispuestas a padecerlos que otras. En parte est\u00e1n causados por el roce de la piel contra s\u00ed misma, por lo que es m\u00e1s probable que las desarrollen personas con sobrepeso. Tambi\u00e9n son m\u00e1s habituales en personas mayores, personas con diabetes de tipo&nbsp;2 y mujeres embarazadas.<\/p>\n<\/div>\n<\/div>\n\n\n\n<div class=\"wp-block-fcs-core-spacer u-padding-xxs-lg u-padding-sm\"><\/div>\n\n\n\n<div class=\"wp-block-columns is-layout-flex wp-container-core-columns-is-layout-9d6595d7 wp-block-columns-is-layout-flex\">\n<div class=\"wp-block-column is-layout-flow wp-block-column-is-layout-flow\" style=\"flex-basis:33.33%\"><\/div>\n\n\n\n<div class=\"wp-block-column is-layout-flow wp-block-column-is-layout-flow\" style=\"flex-basis:66.66%\">\n<h3 class=\"wp-block-heading has-quaternary-color has-text-color\">\u00bfSe pueden prevenir?<\/h3>\n\n\n\n<p>Solo hasta cierto punto: puede reducir el riesgo de padecer papilomas cut\u00e1neos reduciendo la fricci\u00f3n en la piel. Por ejemplo, el uso de collares puede hacer que se formen en el cuello. Si tiene tendencia a desarrollarlos bajo los brazos, el talco o los desodorantes en polvo pueden serle \u00fatiles.<\/p>\n<\/div>\n<\/div>\n\n\n\n<div class=\"wp-block-fcs-core-spacer u-padding-xxs-lg u-padding-sm\"><\/div>\n\n\n\n<div class=\"wp-block-columns is-layout-flex wp-container-core-columns-is-layout-9d6595d7 wp-block-columns-is-layout-flex\">\n<div class=\"wp-block-column is-layout-flow wp-block-column-is-layout-flow\" style=\"flex-basis:33.33%\"><\/div>\n\n\n\n<div class=\"wp-block-column is-layout-flow wp-block-column-is-layout-flow\" style=\"flex-basis:66.66%\">\n<h3 class=\"wp-block-heading has-quaternary-color has-text-color\">C\u00f3mo puede ayudar el tratamiento con RF<\/h3>\n\n\n\n<p>De una forma similar a los fibromas, los papilomas cut\u00e1neos se pueden retirar en cuesti\u00f3n de minutos con una aguja fina de radiofrecuencia, que crea una incisi\u00f3n limpia e indolora sin da\u00f1ar el tejido circundante.<\/p>\n<\/div>\n<\/div>\n\n\n\n<div class=\"wp-block-fcs-core-spacer u-padding-xxs-lg u-padding-sm\"><\/div>\n\n\n\n<div class=\"wp-block-columns is-layout-flex wp-container-core-columns-is-layout-9d6595d7 wp-block-columns-is-layout-flex\">\n<div class=\"wp-block-column is-layout-flow wp-block-column-is-layout-flow\" style=\"flex-basis:33.33%\"><\/div>\n\n\n\n<div class=\"wp-block-column is-layout-flow wp-block-column-is-layout-flow\" style=\"flex-basis:66.66%\">\n<h3 class=\"wp-block-heading has-quaternary-color has-text-color\">Otras alternativas<\/h3>\n\n\n\n<p>Los papilomas cut\u00e1neos pueden tratarse con congelaci\u00f3n, corte o cauterizaci\u00f3n. En algunos casos, incluso pueden dejarse para que desaparezcan por s\u00ed solos.<\/p>\n<\/div>\n<\/div>\n\n\n\n<div class=\"wp-block-fcs-core-spacer u-padding-md-lg u-padding-sm\"><\/div>\n<\/div>\n<\/div><\/div>\n<\/div><\/div>\n<\/div><\/div>\n\n\n\n<div class=\"wp-block-group has-secondary-background-color has-background\"><div class=\"wp-block-group__inner-container is-layout-constrained wp-block-group-is-layout-constrained\">\n<div class=\"wp-block-fcs-core-container o-container\">\n<div class=\"wp-block-fcs-core-spacer u-padding-xl-lg u-padding-md\"><\/div>\n\n\n\n<h2 class=\"wp-block-heading has-text-align-center has-white-color has-text-color\">\u00bfD\u00f3nde puedo encontrar tratamiento?<\/h2>\n\n\n\n<div class=\"wp-block-buttons is-content-justification-center is-layout-flex wp-container-core-buttons-is-layout-16018d1d wp-block-buttons-is-layout-flex\">\n<div class=\"wp-block-button is-style-fill\"><a class=\"wp-block-button__link has-quaternary-background-color has-background wp-element-button\" href=\"https:\/\/fcaresystems.com\/es\/contacto\/\">Cont\u00e1ctenos para encontrar a su especialista<\/a><\/div>\n<\/div>\n\n\n\n<div class=\"wp-block-fcs-core-spacer u-padding-xl-lg u-padding-md\"><\/div>\n<\/div>\n<\/div><\/div>\n\n\n\n<div class=\"wp-block-group has-quaternary-background-color has-background\"><div class=\"wp-block-group__inner-container is-layout-flow wp-block-group-is-layout-flow\">\n<div class=\"wp-block-fcs-core-container o-container\">\n<div class=\"wp-block-fcs-core-spacer u-padding-md-lg u-padding-md\"><\/div>\n\n\n\n<div class=\"wp-block-fcs-core-spacer u-padding-md-lg u-padding-md\"><\/div>\n<\/div>\n<\/div><\/div>\n","protected":false},"excerpt":{"rendered":"<p>Arrugas, ara\u00f1as vasculares, estr\u00edas, lunares rojos, papilomas cut\u00e1neos&#8230; Aunque ninguno de ellos es un problema de salud importante, pueden afectar la imagen que una persona tiene de s\u00ed misma. Hemos recopilado informaci\u00f3n sobre una gran variedad de trastornos cut\u00e1neos, incluyendo c\u00f3mo se pueden prevenir (si se puede) y c\u00f3mo la medicina moderna puede ayudar.<\/p>\n","protected":false},"author":1,"featured_media":5268,"parent":8042,"menu_order":4,"comment_status":"closed","ping_status":"closed","template":"","meta":{"_color_hex":"","_color_slug":"","footnotes":""},"class_list":["post-8103","page","type-page","status-publish","has-post-thumbnail","hentry"],"yoast_head":"<!-- This site is optimized with the Yoast SEO plugin v27.5 - https:\/\/yoast.com\/product\/yoast-seo-wordpress\/ -->\n<title>Tratamiento cut\u00e1neo con energ\u00eda de radiofrecuencia | F Care Systems<\/title>\n<meta name=\"description\" content=\"Descubra c\u00f3mo se utiliza la energ\u00eda de radiofrecuencia en dermatolog\u00eda est\u00e9tica para tratar las ara\u00f1as vasculares, las arrugas, las estr\u00edas, la ros\u00e1cea y mucho m\u00e1s.\" \/>\n<meta name=\"robots\" content=\"index, follow, max-snippet:-1, max-image-preview:large, max-video-preview:-1\" \/>\n<link rel=\"canonical\" href=\"https:\/\/fcaresystems.com\/es\/informacion-al-paciente\/trastornos-cutaneos\/\" \/>\n<meta property=\"og:locale\" content=\"es_ES\" \/>\n<meta property=\"og:type\" content=\"article\" \/>\n<meta property=\"og:title\" content=\"Tratamiento cut\u00e1neo con energ\u00eda de radiofrecuencia | F Care Systems\" \/>\n<meta property=\"og:description\" content=\"Descubra c\u00f3mo se utiliza la energ\u00eda de radiofrecuencia en dermatolog\u00eda est\u00e9tica para tratar las ara\u00f1as vasculares, las arrugas, las estr\u00edas, la ros\u00e1cea y mucho m\u00e1s.\" \/>\n<meta property=\"og:url\" content=\"https:\/\/fcaresystems.com\/es\/informacion-al-paciente\/trastornos-cutaneos\/\" \/>\n<meta property=\"og:site_name\" content=\"F Care Systems\" \/>\n<meta property=\"article:modified_time\" content=\"2023-10-04T13:39:34+00:00\" \/>\n<meta property=\"og:image\" content=\"https:\/\/fcaresystems.com\/wp-content\/uploads\/2022\/11\/teaser-patient\u2013skin-disorder.jpg\" \/>\n\t<meta property=\"og:image:width\" content=\"364\" \/>\n\t<meta property=\"og:image:height\" content=\"188\" \/>\n\t<meta property=\"og:image:type\" content=\"image\/jpeg\" \/>\n<meta name=\"twitter:card\" content=\"summary_large_image\" \/>\n<meta name=\"twitter:label1\" content=\"Tiempo de lectura\" \/>\n\t<meta name=\"twitter:data1\" content=\"9 minutos\" \/>\n<script type=\"application\/ld+json\" class=\"yoast-schema-graph\">{\"@context\":\"https:\\\/\\\/schema.org\",\"@graph\":[{\"@type\":\"WebPage\",\"@id\":\"https:\\\/\\\/fcaresystems.com\\\/es\\\/informacion-al-paciente\\\/trastornos-cutaneos\\\/\",\"url\":\"https:\\\/\\\/fcaresystems.com\\\/es\\\/informacion-al-paciente\\\/trastornos-cutaneos\\\/\",\"name\":\"Tratamiento cut\u00e1neo con energ\u00eda de radiofrecuencia | F Care Systems\",\"isPartOf\":{\"@id\":\"https:\\\/\\\/fcaresystems.com\\\/es\\\/#website\"},\"primaryImageOfPage\":{\"@id\":\"https:\\\/\\\/fcaresystems.com\\\/es\\\/informacion-al-paciente\\\/trastornos-cutaneos\\\/#primaryimage\"},\"image\":{\"@id\":\"https:\\\/\\\/fcaresystems.com\\\/es\\\/informacion-al-paciente\\\/trastornos-cutaneos\\\/#primaryimage\"},\"thumbnailUrl\":\"https:\\\/\\\/fcaresystems.com\\\/wp-content\\\/uploads\\\/2022\\\/11\\\/teaser-patient\u2013skin-disorder.jpg\",\"datePublished\":\"2022-11-18T12:45:36+00:00\",\"dateModified\":\"2023-10-04T13:39:34+00:00\",\"description\":\"Descubra c\u00f3mo se utiliza la energ\u00eda de radiofrecuencia en dermatolog\u00eda est\u00e9tica para tratar las ara\u00f1as vasculares, las arrugas, las estr\u00edas, la ros\u00e1cea y mucho m\u00e1s.\",\"breadcrumb\":{\"@id\":\"https:\\\/\\\/fcaresystems.com\\\/es\\\/informacion-al-paciente\\\/trastornos-cutaneos\\\/#breadcrumb\"},\"inLanguage\":\"es\",\"potentialAction\":[{\"@type\":\"ReadAction\",\"target\":[\"https:\\\/\\\/fcaresystems.com\\\/es\\\/informacion-al-paciente\\\/trastornos-cutaneos\\\/\"]}]},{\"@type\":\"ImageObject\",\"inLanguage\":\"es\",\"@id\":\"https:\\\/\\\/fcaresystems.com\\\/es\\\/informacion-al-paciente\\\/trastornos-cutaneos\\\/#primaryimage\",\"url\":\"https:\\\/\\\/fcaresystems.com\\\/wp-content\\\/uploads\\\/2022\\\/11\\\/teaser-patient\u2013skin-disorder.jpg\",\"contentUrl\":\"https:\\\/\\\/fcaresystems.com\\\/wp-content\\\/uploads\\\/2022\\\/11\\\/teaser-patient\u2013skin-disorder.jpg\",\"width\":364,\"height\":188},{\"@type\":\"BreadcrumbList\",\"@id\":\"https:\\\/\\\/fcaresystems.com\\\/es\\\/informacion-al-paciente\\\/trastornos-cutaneos\\\/#breadcrumb\",\"itemListElement\":[{\"@type\":\"ListItem\",\"position\":1,\"name\":\"Home\",\"item\":\"https:\\\/\\\/fcaresystems.com\\\/es\\\/\"},{\"@type\":\"ListItem\",\"position\":2,\"name\":\"Informaci\u00f3n al paciente\",\"item\":\"https:\\\/\\\/fcaresystems.com\\\/es\\\/informacion-al-paciente\\\/\"},{\"@type\":\"ListItem\",\"position\":3,\"name\":\"Trastornos cut\u00e1neos\"}]},{\"@type\":\"WebSite\",\"@id\":\"https:\\\/\\\/fcaresystems.com\\\/es\\\/#website\",\"url\":\"https:\\\/\\\/fcaresystems.com\\\/es\\\/\",\"name\":\"F Care Systems\",\"description\":\"\",\"publisher\":{\"@id\":\"https:\\\/\\\/fcaresystems.com\\\/es\\\/#organization\"},\"potentialAction\":[{\"@type\":\"SearchAction\",\"target\":{\"@type\":\"EntryPoint\",\"urlTemplate\":\"https:\\\/\\\/fcaresystems.com\\\/es\\\/?s={search_term_string}\"},\"query-input\":{\"@type\":\"PropertyValueSpecification\",\"valueRequired\":true,\"valueName\":\"search_term_string\"}}],\"inLanguage\":\"es\"},{\"@type\":\"Organization\",\"@id\":\"https:\\\/\\\/fcaresystems.com\\\/es\\\/#organization\",\"name\":\"F Care Systems\",\"url\":\"https:\\\/\\\/fcaresystems.com\\\/es\\\/\",\"logo\":{\"@type\":\"ImageObject\",\"inLanguage\":\"es\",\"@id\":\"https:\\\/\\\/fcaresystems.com\\\/es\\\/#\\\/schema\\\/logo\\\/image\\\/\",\"url\":\"https:\\\/\\\/fcaresystems.com\\\/wp-content\\\/uploads\\\/2022\\\/11\\\/logo-2.svg\",\"contentUrl\":\"https:\\\/\\\/fcaresystems.com\\\/wp-content\\\/uploads\\\/2022\\\/11\\\/logo-2.svg\",\"caption\":\"F Care Systems\"},\"image\":{\"@id\":\"https:\\\/\\\/fcaresystems.com\\\/es\\\/#\\\/schema\\\/logo\\\/image\\\/\"}}]}<\/script>\n<!-- \/ Yoast SEO plugin. -->","yoast_head_json":{"title":"Tratamiento cut\u00e1neo con energ\u00eda de radiofrecuencia | F Care Systems","description":"Descubra c\u00f3mo se utiliza la energ\u00eda de radiofrecuencia en dermatolog\u00eda est\u00e9tica para tratar las ara\u00f1as vasculares, las arrugas, las estr\u00edas, la ros\u00e1cea y mucho m\u00e1s.","robots":{"index":"index","follow":"follow","max-snippet":"max-snippet:-1","max-image-preview":"max-image-preview:large","max-video-preview":"max-video-preview:-1"},"canonical":"https:\/\/fcaresystems.com\/es\/informacion-al-paciente\/trastornos-cutaneos\/","og_locale":"es_ES","og_type":"article","og_title":"Tratamiento cut\u00e1neo con energ\u00eda de radiofrecuencia | F Care Systems","og_description":"Descubra c\u00f3mo se utiliza la energ\u00eda de radiofrecuencia en dermatolog\u00eda est\u00e9tica para tratar las ara\u00f1as vasculares, las arrugas, las estr\u00edas, la ros\u00e1cea y mucho m\u00e1s.","og_url":"https:\/\/fcaresystems.com\/es\/informacion-al-paciente\/trastornos-cutaneos\/","og_site_name":"F Care Systems","article_modified_time":"2023-10-04T13:39:34+00:00","og_image":[{"width":364,"height":188,"url":"https:\/\/fcaresystems.com\/wp-content\/uploads\/2022\/11\/teaser-patient\u2013skin-disorder.jpg","type":"image\/jpeg"}],"twitter_card":"summary_large_image","twitter_misc":{"Tiempo de lectura":"9 minutos"},"schema":{"@context":"https:\/\/schema.org","@graph":[{"@type":"WebPage","@id":"https:\/\/fcaresystems.com\/es\/informacion-al-paciente\/trastornos-cutaneos\/","url":"https:\/\/fcaresystems.com\/es\/informacion-al-paciente\/trastornos-cutaneos\/","name":"Tratamiento cut\u00e1neo con energ\u00eda de radiofrecuencia | F Care Systems","isPartOf":{"@id":"https:\/\/fcaresystems.com\/es\/#website"},"primaryImageOfPage":{"@id":"https:\/\/fcaresystems.com\/es\/informacion-al-paciente\/trastornos-cutaneos\/#primaryimage"},"image":{"@id":"https:\/\/fcaresystems.com\/es\/informacion-al-paciente\/trastornos-cutaneos\/#primaryimage"},"thumbnailUrl":"https:\/\/fcaresystems.com\/wp-content\/uploads\/2022\/11\/teaser-patient\u2013skin-disorder.jpg","datePublished":"2022-11-18T12:45:36+00:00","dateModified":"2023-10-04T13:39:34+00:00","description":"Descubra c\u00f3mo se utiliza la energ\u00eda de radiofrecuencia en dermatolog\u00eda est\u00e9tica para tratar las ara\u00f1as vasculares, las arrugas, las estr\u00edas, la ros\u00e1cea y mucho m\u00e1s.","breadcrumb":{"@id":"https:\/\/fcaresystems.com\/es\/informacion-al-paciente\/trastornos-cutaneos\/#breadcrumb"},"inLanguage":"es","potentialAction":[{"@type":"ReadAction","target":["https:\/\/fcaresystems.com\/es\/informacion-al-paciente\/trastornos-cutaneos\/"]}]},{"@type":"ImageObject","inLanguage":"es","@id":"https:\/\/fcaresystems.com\/es\/informacion-al-paciente\/trastornos-cutaneos\/#primaryimage","url":"https:\/\/fcaresystems.com\/wp-content\/uploads\/2022\/11\/teaser-patient\u2013skin-disorder.jpg","contentUrl":"https:\/\/fcaresystems.com\/wp-content\/uploads\/2022\/11\/teaser-patient\u2013skin-disorder.jpg","width":364,"height":188},{"@type":"BreadcrumbList","@id":"https:\/\/fcaresystems.com\/es\/informacion-al-paciente\/trastornos-cutaneos\/#breadcrumb","itemListElement":[{"@type":"ListItem","position":1,"name":"Home","item":"https:\/\/fcaresystems.com\/es\/"},{"@type":"ListItem","position":2,"name":"Informaci\u00f3n al paciente","item":"https:\/\/fcaresystems.com\/es\/informacion-al-paciente\/"},{"@type":"ListItem","position":3,"name":"Trastornos cut\u00e1neos"}]},{"@type":"WebSite","@id":"https:\/\/fcaresystems.com\/es\/#website","url":"https:\/\/fcaresystems.com\/es\/","name":"F Care Systems","description":"","publisher":{"@id":"https:\/\/fcaresystems.com\/es\/#organization"},"potentialAction":[{"@type":"SearchAction","target":{"@type":"EntryPoint","urlTemplate":"https:\/\/fcaresystems.com\/es\/?s={search_term_string}"},"query-input":{"@type":"PropertyValueSpecification","valueRequired":true,"valueName":"search_term_string"}}],"inLanguage":"es"},{"@type":"Organization","@id":"https:\/\/fcaresystems.com\/es\/#organization","name":"F Care Systems","url":"https:\/\/fcaresystems.com\/es\/","logo":{"@type":"ImageObject","inLanguage":"es","@id":"https:\/\/fcaresystems.com\/es\/#\/schema\/logo\/image\/","url":"https:\/\/fcaresystems.com\/wp-content\/uploads\/2022\/11\/logo-2.svg","contentUrl":"https:\/\/fcaresystems.com\/wp-content\/uploads\/2022\/11\/logo-2.svg","caption":"F Care Systems"},"image":{"@id":"https:\/\/fcaresystems.com\/es\/#\/schema\/logo\/image\/"}}]}},"_links":{"self":[{"href":"https:\/\/fcaresystems.com\/es\/wp-json\/wp\/v2\/pages\/8103","targetHints":{"allow":["GET"]}}],"collection":[{"href":"https:\/\/fcaresystems.com\/es\/wp-json\/wp\/v2\/pages"}],"about":[{"href":"https:\/\/fcaresystems.com\/es\/wp-json\/wp\/v2\/types\/page"}],"author":[{"embeddable":true,"href":"https:\/\/fcaresystems.com\/es\/wp-json\/wp\/v2\/users\/1"}],"replies":[{"embeddable":true,"href":"https:\/\/fcaresystems.com\/es\/wp-json\/wp\/v2\/comments?post=8103"}],"version-history":[{"count":15,"href":"https:\/\/fcaresystems.com\/es\/wp-json\/wp\/v2\/pages\/8103\/revisions"}],"predecessor-version":[{"id":12700,"href":"https:\/\/fcaresystems.com\/es\/wp-json\/wp\/v2\/pages\/8103\/revisions\/12700"}],"up":[{"embeddable":true,"href":"https:\/\/fcaresystems.com\/es\/wp-json\/wp\/v2\/pages\/8042"}],"wp:featuredmedia":[{"embeddable":true,"href":"https:\/\/fcaresystems.com\/es\/wp-json\/wp\/v2\/media\/5268"}],"wp:attachment":[{"href":"https:\/\/fcaresystems.com\/es\/wp-json\/wp\/v2\/media?parent=8103"}],"curies":[{"name":"wp","href":"https:\/\/api.w.org\/{rel}","templated":true}]}}